{"id":37,"date":"2021-05-26T21:43:48","date_gmt":"2021-05-26T19:43:48","guid":{"rendered":"http:\/\/2020.24-stunden-schwimmen.de\/?page_id=37"},"modified":"2025-07-09T11:07:42","modified_gmt":"2025-07-09T09:07:42","slug":"aktuelles","status":"publish","type":"page","link":"https:\/\/24-stunden-schwimmen.de\/?page_id=37","title":{"rendered":"Ergebnisse"},"content":{"rendered":"<style>.kt-tabs-id37_c4f90f-96 > .kt-tabs-content-wrap > .wp-block-kadence-tab{border-top:4px solid #eeeeee;border-right:4px solid #eeeeee;border-bottom:4px solid #eeeeee;border-left:4px solid #eeeeee;border-top-left-radius:0px;border-top-right-radius:0px;border-bottom-right-radius:0px;border-bottom-left-radius:0px;padding-top:20px;padding-right:20px;padding-bottom:20px;padding-left:20px;min-height:400px;background:#ffffff;}.wp-block-kadence-tabs .kt-tabs-id37_c4f90f-96 > .kt-tabs-title-list li{margin-top:0px;margin-right:-4px;margin-bottom:10px;margin-left:0px;}.wp-block-kadence-tabs .kt-tabs-id37_c4f90f-96 > .kt-tabs-title-list li .kt-tab-title, .wp-block-kadence-tabs .kt-tabs-id37_c4f90f-96 > .kt-tabs-content-wrap > .kt-tabs-accordion-title .kt-tab-title{line-height:1.4em;font-weight:regular;font-style:normal;border-top-width:4px;border-right-width:0px;border-bottom-width:4px;border-left-width:4px;border-top-left-radius:10px;border-top-right-radius:0px;border-bottom-right-radius:0px;border-bottom-left-radius:10px;padding-top:12px;padding-right:8px;padding-bottom:12px;padding-left:20px;border-color:#eeeeee;color:#444444;background:#eeeeee;}.wp-block-kadence-tabs .kt-tabs-id37_c4f90f-96 > .kt-tabs-content-wrap > .kt-tabs-accordion-title .kt-tab-title{margin-top:0px;margin-right:-4px;margin-bottom:10px;margin-left:0px;}.wp-block-kadence-tabs .kt-tabs-id37_c4f90f-96 > .kt-tabs-title-list li .kt-tab-title:hover, .wp-block-kadence-tabs .kt-tabs-id37_c4f90f-96 > .kt-tabs-content-wrap > .kt-tabs-accordion-title .kt-tab-title:hover{border-color:#e9e9e9;color:#444444;background:#e9e9e9;}.wp-block-kadence-tabs .kt-tabs-id37_c4f90f-96 > .kt-tabs-title-list li.kt-tab-title-active .kt-tab-title, .wp-block-kadence-tabs .kt-tabs-id37_c4f90f-96 > .kt-tabs-content-wrap > .kt-tabs-accordion-title.kt-tab-title-active .kt-tab-title{border-color:#eeeeee;color:#444444;background:#ffffff;}@media all and (min-width: 1025px){.wp-block-kadence-tabs .kt-tabs-id37_c4f90f-96{display:flex;}.wp-block-kadence-tabs .kt-tabs-id37_c4f90f-96 > .kt-tabs-title-list{float:none;width:30%;}.wp-block-kadence-tabs .kt-tabs-id37_c4f90f-96 > .kt-tabs-content-wrap{float:none;width:auto;-webkit-flex:1;flex:1;}}@media all and (max-width: 1024px){.kt-tabs-id37_c4f90f-96 > .kt-tabs-content-wrap > .wp-block-kadence-tab{border-top:4px solid #eeeeee;border-right:4px solid #eeeeee;border-bottom:4px solid #eeeeee;border-left:4px solid #eeeeee;}}@media all and (min-width: 768px) and (max-width: 1024px){.wp-block-kadence-tabs .kt-tabs-id37_c4f90f-96{display:flex;}.wp-block-kadence-tabs .kt-tabs-id37_c4f90f-96 > .kt-tabs-title-list{float:none;width:30%;}.wp-block-kadence-tabs .kt-tabs-id37_c4f90f-96 > .kt-tabs-content-wrap{float:none;width:auto;-webkit-flex:1;flex:1;}}@media all and (max-width: 767px){.kt-tabs-id37_c4f90f-96 > .kt-tabs-content-wrap > .wp-block-kadence-tab{border-top:4px solid #eeeeee;border-right:4px solid #eeeeee;border-bottom:4px solid #eeeeee;border-left:4px solid #eeeeee;}}<\/style>\n<div class=\"wp-block-kadence-tabs alignnone\"><div class=\"kt-tabs-wrap kt-tabs-id37_c4f90f-96 kt-tabs-has-29-tabs kt-active-tab-1 kt-tabs-layout-vtabs kt-tabs-tablet-layout-inherit kt-tabs-mobile-layout-accordion kt-tab-alignment-left kt-create-accordion\"><ul class=\"kt-tabs-title-list\"><li id=\"tab-bestofall\" class=\"kt-title-item kt-title-item-1 kt-tabs-svg-show-always kt-tabs-icon-side-right kt-tab-title-active\"><a href=\"#tab-bestofall\" data-tab=\"1\" class=\"kt-tab-title kt-tab-title-1 \"><span class=\"kt-title-text\">Best of all<\/span><\/a><\/li><li id=\"tab-2025\" class=\"kt-title-item kt-title-item-2 kt-tabs-svg-show-always kt-tabs-icon-side-right kt-tab-title-inactive\"><a href=\"#tab-2025\" data-tab=\"2\" class=\"kt-tab-title kt-tab-title-2 \"><span class=\"kt-title-text\">2025<\/span><\/a><\/li><li id=\"tab-2024\" class=\"kt-title-item kt-title-item-3 kt-tabs-svg-show-always kt-tabs-icon-side-right kt-tab-title-inactive\"><a href=\"#tab-2024\" data-tab=\"3\" class=\"kt-tab-title kt-tab-title-3 \"><span class=\"kt-title-text\">2024<\/span><\/a><\/li><li id=\"tab-2023\" class=\"kt-title-item kt-title-item-4 kt-tabs-svg-show-always kt-tabs-icon-side-right kt-tab-title-inactive\"><a href=\"#tab-2023\" data-tab=\"4\" class=\"kt-tab-title kt-tab-title-4 \"><span class=\"kt-title-text\">2023<\/span><\/a><\/li><li id=\"tab-2022\" class=\"kt-title-item kt-title-item-5 kt-tabs-svg-show-always kt-tabs-icon-side-right kt-tab-title-inactive\"><a href=\"#tab-2022\" data-tab=\"5\" class=\"kt-tab-title kt-tab-title-5 \"><span class=\"kt-title-text\">2022<\/span><\/a><\/li><li id=\"tab-2021\" class=\"kt-title-item kt-title-item-6 kt-tabs-svg-show-always kt-tabs-icon-side-right kt-tab-title-inactive\"><a href=\"#tab-2021\" data-tab=\"6\" class=\"kt-tab-title kt-tab-title-6 \"><span class=\"kt-title-text\">2021<\/span><\/a><\/li><li id=\"tab-2020\" class=\"kt-title-item kt-title-item-7 kt-tabs-svg-show-always kt-tabs-icon-side-right kt-tab-title-inactive\"><a href=\"#tab-2020\" data-tab=\"7\" class=\"kt-tab-title kt-tab-title-7 \"><span class=\"kt-title-text\">2020<\/span><\/a><\/li><li id=\"tab-2019\" class=\"kt-title-item kt-title-item-8 kt-tabs-svg-show-always kt-tabs-icon-side-right kt-tab-title-inactive\"><a href=\"#tab-2019\" data-tab=\"8\" class=\"kt-tab-title kt-tab-title-8 \"><span class=\"kt-title-text\">2019<\/span><\/a><\/li><li id=\"tab-2018\" class=\"kt-title-item kt-title-item-9 kt-tabs-svg-show-always kt-tabs-icon-side-right kt-tab-title-inactive\"><a href=\"#tab-2018\" data-tab=\"9\" class=\"kt-tab-title kt-tab-title-9 \"><span class=\"kt-title-text\">2018<\/span><\/a><\/li><li id=\"tab-2017\" class=\"kt-title-item kt-title-item-10 kt-tabs-svg-show-always kt-tabs-icon-side-right kt-tab-title-inactive\"><a href=\"#tab-2017\" data-tab=\"10\" class=\"kt-tab-title kt-tab-title-10 \"><span class=\"kt-title-text\">2017<\/span><\/a><\/li><li id=\"tab-2016\" class=\"kt-title-item kt-title-item-11 kt-tabs-svg-show-always kt-tabs-icon-side-right kt-tab-title-inactive\"><a href=\"#tab-2016\" data-tab=\"11\" class=\"kt-tab-title kt-tab-title-11 \"><span class=\"kt-title-text\">2016<\/span><\/a><\/li><li id=\"tab-2015\" class=\"kt-title-item kt-title-item-12 kt-tabs-svg-show-always kt-tabs-icon-side-right kt-tab-title-inactive\"><a href=\"#tab-2015\" data-tab=\"12\" class=\"kt-tab-title kt-tab-title-12 \"><span class=\"kt-title-text\">2015<\/span><\/a><\/li><li id=\"tab-2014\" class=\"kt-title-item kt-title-item-13 kt-tabs-svg-show-always kt-tabs-icon-side-right kt-tab-title-inactive\"><a href=\"#tab-2014\" data-tab=\"13\" class=\"kt-tab-title kt-tab-title-13 \"><span class=\"kt-title-text\">2014<\/span><\/a><\/li><li id=\"tab-2013\" class=\"kt-title-item kt-title-item-14 kt-tabs-svg-show-always kt-tabs-icon-side-right kt-tab-title-inactive\"><a href=\"#tab-2013\" data-tab=\"14\" class=\"kt-tab-title kt-tab-title-14 \"><span class=\"kt-title-text\">2013<\/span><\/a><\/li><li id=\"tab-2012\" class=\"kt-title-item kt-title-item-15 kt-tabs-svg-show-always kt-tabs-icon-side-right kt-tab-title-inactive\"><a href=\"#tab-2012\" data-tab=\"15\" class=\"kt-tab-title kt-tab-title-15 \"><span class=\"kt-title-text\">2012<\/span><\/a><\/li><li id=\"tab-2011\" class=\"kt-title-item kt-title-item-16 kt-tabs-svg-show-always kt-tabs-icon-side-right kt-tab-title-inactive\"><a href=\"#tab-2011\" data-tab=\"16\" class=\"kt-tab-title kt-tab-title-16 \"><span class=\"kt-title-text\">2011<\/span><\/a><\/li><li id=\"tab-2010\" class=\"kt-title-item kt-title-item-17 kt-tabs-svg-show-always kt-tabs-icon-side-right kt-tab-title-inactive\"><a href=\"#tab-2010\" data-tab=\"17\" class=\"kt-tab-title kt-tab-title-17 \"><span class=\"kt-title-text\">2010<\/span><\/a><\/li><li id=\"tab-2009\" class=\"kt-title-item kt-title-item-18 kt-tabs-svg-show-always kt-tabs-icon-side-right kt-tab-title-inactive\"><a href=\"#tab-2009\" data-tab=\"18\" class=\"kt-tab-title kt-tab-title-18 \"><span class=\"kt-title-text\">2009<\/span><\/a><\/li><li id=\"tab-2008\" class=\"kt-title-item kt-title-item-19 kt-tabs-svg-show-always kt-tabs-icon-side-right kt-tab-title-inactive\"><a href=\"#tab-2008\" data-tab=\"19\" class=\"kt-tab-title kt-tab-title-19 \"><span class=\"kt-title-text\">2008<\/span><\/a><\/li><li id=\"tab-2007\" class=\"kt-title-item kt-title-item-20 kt-tabs-svg-show-always kt-tabs-icon-side-right kt-tab-title-inactive\"><a href=\"#tab-2007\" data-tab=\"20\" class=\"kt-tab-title kt-tab-title-20 \"><span class=\"kt-title-text\">2007<\/span><\/a><\/li><li id=\"tab-2002\" class=\"kt-title-item kt-title-item-21 kt-tabs-svg-show-always kt-tabs-icon-side-right kt-tab-title-inactive\"><a href=\"#tab-2002\" data-tab=\"21\" class=\"kt-tab-title kt-tab-title-21 \"><span class=\"kt-title-text\">2002<\/span><\/a><\/li><li id=\"tab-2000\" class=\"kt-title-item kt-title-item-22 kt-tabs-svg-show-always kt-tabs-icon-side-right kt-tab-title-inactive\"><a href=\"#tab-2000\" data-tab=\"22\" class=\"kt-tab-title kt-tab-title-22 \"><span class=\"kt-title-text\">2000<\/span><\/a><\/li><li id=\"tab-1999\" class=\"kt-title-item kt-title-item-23 kt-tabs-svg-show-always kt-tabs-icon-side-right kt-tab-title-inactive\"><a href=\"#tab-1999\" data-tab=\"23\" class=\"kt-tab-title kt-tab-title-23 \"><span class=\"kt-title-text\">1999<\/span><\/a><\/li><li id=\"tab-1998\" class=\"kt-title-item kt-title-item-24 kt-tabs-svg-show-always kt-tabs-icon-side-right kt-tab-title-inactive\"><a href=\"#tab-1998\" data-tab=\"24\" class=\"kt-tab-title kt-tab-title-24 \"><span class=\"kt-title-text\">1998<\/span><\/a><\/li><li id=\"tab-1997\" class=\"kt-title-item kt-title-item-25 kt-tabs-svg-show-always kt-tabs-icon-side-right kt-tab-title-inactive\"><a href=\"#tab-1997\" data-tab=\"25\" class=\"kt-tab-title kt-tab-title-25 \"><span class=\"kt-title-text\">1997<\/span><\/a><\/li><li id=\"tab-1996\" class=\"kt-title-item kt-title-item-26 kt-tabs-svg-show-always kt-tabs-icon-side-right kt-tab-title-inactive\"><a href=\"#tab-1996\" data-tab=\"26\" class=\"kt-tab-title kt-tab-title-26 \"><span class=\"kt-title-text\">1996<\/span><\/a><\/li><li id=\"tab-1995\" class=\"kt-title-item kt-title-item-27 kt-tabs-svg-show-always kt-tabs-icon-side-right kt-tab-title-inactive\"><a href=\"#tab-1995\" data-tab=\"27\" class=\"kt-tab-title kt-tab-title-27 \"><span class=\"kt-title-text\">1995<\/span><\/a><\/li><li id=\"tab-1994\" class=\"kt-title-item kt-title-item-28 kt-tabs-svg-show-always kt-tabs-icon-side-right kt-tab-title-inactive\"><a href=\"#tab-1994\" data-tab=\"28\" class=\"kt-tab-title kt-tab-title-28 \"><span class=\"kt-title-text\">1994<\/span><\/a><\/li><li id=\"tab-1993\" class=\"kt-title-item kt-title-item-29 kt-tabs-svg-show-always kt-tabs-icon-side-right kt-tab-title-inactive\"><a href=\"#tab-1993\" data-tab=\"29\" class=\"kt-tab-title kt-tab-title-29 \"><span class=\"kt-title-text\">1993<\/span><\/a><\/li><\/ul><div class=\"kt-tabs-content-wrap\">\n<div class=\"wp-block-kadence-tab kt-tab-inner-content kt-inner-tab-1 kt-inner-tab7fbe2b-cc\"><div class=\"kt-tab-inner-content-inner\">\n<figure class=\"wp-block-image size-full\"><img loading=\"lazy\" decoding=\"async\" width=\"580\" height=\"385\" src=\"https:\/\/24-stunden-schwimmen.de\/wp-content\/uploads\/2021\/05\/24h_2019.jpg\" alt=\"\" class=\"wp-image-125\" srcset=\"https:\/\/24-stunden-schwimmen.de\/wp-content\/uploads\/2021\/05\/24h_2019.jpg 580w, https:\/\/24-stunden-schwimmen.de\/wp-content\/uploads\/2021\/05\/24h_2019-300x199.jpg 300w\" sizes=\"auto, (max-width: 580px) 100vw, 580px\" \/><\/figure>\n\n\n\n<h2 class=\"wp-block-heading\">GESAMTWEITE<\/h2>\n\n\n\n<p class=\"has-small-font-size\"><br>1. 3.512,200 (2024) <br>2. 3.486,40 km (2023)<br><strong>3. 3.360,20 km (2025)<\/strong><br>4. 3.295,00 km (2011)<br>5. 3.273,00 km (2010)<br>6. 3.262,30 km (2017)<br>7. 3.251,20 km (2015)<br>8. 3.044,75 km (2013)<br>9. 2.858,35 km (2016)<br>10. 2.827,05 km (2018)<\/p>\n\n\n\n<p class=\"has-small-font-size\"><em><strong>!! 24-Tage-Schwimmen<\/strong><br>4.560,58 km (2021) <\/em> <\/p>\n\n\n\n<h2 class=\"wp-block-heading\">TEILNEHMER<\/h2>\n\n\n\n<p class=\"has-small-font-size\">1. 892 (2023)<br>2. 807 (2024)<br><strong>3. 735 (2025) <\/strong><br>4. 687 (2013)<br>5. 673 (2017)<br>6. 661 (2011)<br>7. 644 (2016)<br>8. 635 (2010)<br>9. 606 (2009)<br>10. 588 (2015)<\/p>\n\n\n\n<h2 class=\"wp-block-heading\">BESTER SCHWIMMER<\/h2>\n\n\n\n<p class=\"has-small-font-size\">1. Chris Pascal Hoffmann &#8211; 82,00 km (2019)<br>2. Chris Pascal Hoffmann &#8211; 76,00 km (2015)<br>3. Eric Seller &#8211; 67,10 km (2023)<br><strong>4. Romano Mombelli &#8211; 63,50 km (2025)<\/strong><br>5. Christian Richter &#8211; 63,00 km (2019)<br>6. Steffen Buck &#8211; 62,40 km (2019)<br>7. Eric Seller &#8211; 62,00 km (2022)<br>8. Eric Seller &#8211; 60,80 km (2019)<br>9. Chris Pascal Hoffmann &#8211; 60,60 km (2013)<br>10. Norbert Bangert &#8211; 60,25 km (2023)<\/p>\n\n\n\n<p class=\"has-small-font-size\"><em><strong>!! 24-Tage-Schwimmen TOP3<\/strong><br>1. Sven Eckardt &#8211; 282,00 km (2021)<br>2. Peter Kaufmann &#8211; 205,90 km (2021)<br>3. Gregor Fuchs &#8211; 155,55 km (2021)<\/em><\/p>\n\n\n\n<h2 class=\"wp-block-heading\">BESTE SCHWIMMERIN<\/h2>\n\n\n\n<p class=\"has-small-font-size\"><a href=\"https:\/\/www.24-stunden-schwimmen.de\/images\/24h_mgn_web_bronze_fk2014.jpg\" target=\"_blank\" rel=\"noreferrer noopener\"><\/a>1. Vera Niemeyer &#8211; 96,30 km (2017)<strong><br><\/strong>2. Anne Hembd &#8211; 60,00 km (2017)<br>3. Sarah Dubiel &#8211; 57,50 km (2023)<br>4. Anne Hembd &#8211; 57,00 km (2016)<br>5. Katharina Emmert &#8211; 55,90 km (2022)<br>6. Karen Denni &#8211; 55,70 km (2022)<br>7. Sarah Dubiel &#8211; 55,00 km (2022)<br>8. Lea Torkler &#8211; 54,00 km (2017)<br>9. Anne Hembd &#8211; 53,70 km (2015)<br>10. Anne Hembd &#8211; 53,00 km (2018)<\/p>\n\n\n\n<p class=\"has-small-font-size\"><em><strong>!! 24-Tage-Schwimmen TOP3<\/strong><br>1. Jacqueline Schleicher &#8211; 200,20 km (2021)<br>2. Kristin Fr\u00f6hlich &#8211; 122,30 km (2021)<br>3. Maren Kremmer &#8211; 106,25 km (2021) <\/em><\/p>\n\n\n\n<h2 class=\"wp-block-heading\">KINDER BIS 8 JAHRE M\u00c4NNLICH<\/h2>\n\n\n\n<p class=\"has-small-font-size\">1. Hannes Westh\u00e4user &#8211; 9,45 km (2012)<br>2. Leonardo Reith &#8211; 9,30 km (2014)<br>3. Luca Haupt &#8211; 8,10 km (2012)<br>4. Candy Jack Hoffmann &#8211; 7,05 km (2010)<br>5. Karl Willi Heinze &#8211; 6,40 km (2023)<br>6. Theo Westh\u00e4user &#8211; 6,20 km (2014)<br>7. Hannes Westh\u00e4user &#8211; 6,00 km (2011)<br>7. Arthur Kirschenpfadt &#8211; 6,00 km (2023)<br>9. Maximilian Th\u00fcrmer &#8211; 4,10 km (2010)<br>10. Hans Martin Neidhardt &#8211; 4,05 km (2010)<\/p>\n\n\n\n<p class=\"has-small-font-size\"><em><strong>!!24-Tage-Schwimmen TOP3<\/strong><br>1. Luke Reckwell &#8211; 5,60 km (2021)<br>2. Ole Joachim M\u00fcller &#8211; 2,40 km (2020)<br>3. Luka Baumann &#8211; 2,20 km (2021) <\/em> <\/p>\n\n\n\n<h2 class=\"wp-block-heading\">KINDER BIS 8 JAHRE WEIBLICH<\/h2>\n\n\n\n<p class=\"has-small-font-size\"><strong>1. Lucy Matth\u00e4i &#8211; 8,40 km (2025)<\/strong><br>2. Tatjana Egerland &#8211; 6,40 km (2013)<br>3. Luise Marr &#8211; 6,30 km (2023)<br>4. Milla Caspari &#8211; 5,40 km (2023)<br>5. Elisa Leubecher &#8211; 5,20 km (2019)<br>6. Laya-Jay Fleck &#8211; 5,10 km (2019)<br>7. Elisabeth Dummer &#8211; 4,8 km (2019)<br>8. Tammy Wagner &#8211; 4,50 km (2013)<br>9. Laya-Jay Fleck &#8211; 4,10 km (2018)<br>10. Annika Zeisberg &#8211; 4,00 km (2014)<br><\/p>\n\n\n\n<p class=\"has-small-font-size\"><em><strong>!! 24-Tage-Schwimmen TOP3<\/strong><br>1. Tia Hetzheim &#8211; 1,15 km (2020)<br>2. Ylvi Hennings &#8211; 0,70 km (2021)<br>2. Avitall Wagner &#8211; 0,70 km (2021)<\/em><\/p>\n\n\n\n<h2 class=\"wp-block-heading\">KINDER BIS 12 JAHRE M\u00c4NNLICH<\/h2>\n\n\n\n<p class=\"has-small-font-size\">1. Wilhelm Richert &#8211; 33,50 km (2019)<br>2. Candy Jack Hoffmann &#8211; 33,30 km (2014)<br>3. Marvin Eck &#8211; 25,25 km (2011)<br>4. Paul Pommer &#8211; 24,60 km (2010)<br><strong>5. Lucas Hoffmann &#8211; 24,40 km (2025)<\/strong><br>5. Noah Kretsch &#8211; 22,35 km (2015)<br>6. Candy Jack Hoffmann &#8211; 20,40 km (2013)<br><strong>6. Moritz G\u00f6pfert &#8211; 20,40 km (2025<\/strong>)<br>8. Arik Juda &#8211; 20,20 km (2023)<br>9. Ruben Simon Fiebich &#8211; 19,80 km (2013)<br><strong>10. Carlson Eickholt 19,30 km (2025)<\/strong><\/p>\n\n\n\n<p class=\"has-small-font-size\"><em><strong>!! 24-Tage-Schwimmen TOP3<\/strong><br>1. Arik Juda &#8211; 11,60 km (2021)<br>2. Sascha Baumann &#8211; 9,75 km (2020)<br>3. Ian Freund &#8211; 7,10 km (2021) <\/em> <\/p>\n\n\n\n<h2 class=\"wp-block-heading\">KINDER BIS 12 JAHRE WEIBLICH<\/h2>\n\n\n\n<p class=\"has-small-font-size\"><em><strong>!! 24-Tage-Schwimmen TOP3<\/strong><br>1. Greta Bastubbe &#8211; 100,00 km (2021)<br>2. Greta Bastubbe &#8211; 50,00 km (2020)<br>3. Noemi Lesser &#8211; 24,60 km (2020) <\/em> <\/p>\n\n\n\n<p class=\"has-small-font-size\">1. Tatjana Egerland &#8211; 24,80 km (2017)<br>2. Johanna Peschmann &#8211; 22,50 km (2011)<br>3. Ria Tief &#8211; 22,40 km (2010)<br>4. Caroline Fritz &#8211; 21,00 km (2011)<br>5. Lisa-Marie B\u00fcttner &#8211; 20,20 km (2010)<br>6. Theresa Reichenbach &#8211; 20,05 km (2010)<br><strong>7. V<\/strong>iona Voigt &#8211; 20,00 km (2024)<br><strong>8. Anni Rei\u00df 20,00 km (2025)<\/strong><br>9. Tatjana Egerland &#8211; 18,60 km (2016)<br>10. Theresa Semmler &#8211; 18,15 km (2015)<br><\/p>\n\n\n\n<h2 class=\"wp-block-heading\">FIRMENPOKAL<\/h2>\n\n\n\n<p class=\"has-small-font-size\">1. Bosch Rexroth AG &#8211; 208,10 km (2015)<br>2. POG &#8211; 131,90 km (2011)<br>3. MdB Jens Petermann &#8211; 125,90 km (2013)<br>4. ProActiv &#8211; 121,80 km (2014)<br>5. Stadtwerke Meiningen &#8211; 120,55 km (2015)<br>6. the-flo.com Medienagentur &#8211; 117,25 km (2010)<br>7. POG &#8211; 100,20 km (2012)<br>8. ProActiv &#8211; 90,00 km (2012)<br>9. Creditreform Suhl &#8211; 86,95 km (2010)<br>10. ProActiv &#8211; 83,60 km (2011)<\/p>\n\n\n\n<p class=\"has-small-font-size\">::: Diese Wertung wurde 2015 letztmalig so geschwommen :::<\/p>\n\n\n\n<h2 class=\"wp-block-heading\">GRUPPENPOKAL<\/h2>\n\n\n\n<p>1. Team Warmduscher &#8211; 58,34 km (2023)<br>2. Team Warmduscher TOP 5 &#8211; 50,41 km (2024)<br>3. Kraulquappen &#8211; 48,58 km (2017)<br><strong>4. Warmduscher &#8222;Einer f\u00fcr Alle&#8220;  &#8211; 48.38 Km (2025)<\/strong><br>5. Team Warmduscher &#8211; 48,28 km (2019)<br>6. Team Warmduscher &#8211; 44,66 km (2018)<br>7. Team Warmduscher Prinzen &#8211; 41,61 km (2022)<br>8. Team Warmduscher &#8211; 38,36 km (2017)<br>9. Team Warmduscher Prinzessinnen &#8211; 35,86 km (2022)<br>10. Team Warmduscher &#8211; 33,78 km (2016)<\/p>\n\n\n\n<p class=\"has-small-font-size\">::: Diese Wertung wurde 2016 erstmalig so geschwommen :::<br>Es wird der Durchschnitt aller Teammitglieder ermittelt. Das Team muss aus mindestens 5 Schwimmern bestehen.<\/p>\n\n\n\n<h2 class=\"wp-block-heading\">NACHTPOKAL<\/h2>\n\n\n\n<p class=\"has-small-font-size\">1. Ian Meinhardt &#8211; 9,80 km (2023)<br>2. Ian Meinhardt &#8211; 9,45 km (2024)<br>3. Chris Pascal Hoffmann &#8211; 9,40 km (2017)<br>4. Marvin Eck &#8211; 9,00 km (2015)<br>5. Tobias Niestroy &#8211; 8,30 km (2012)<br>6. Steffen Willms &#8211; 8,10 km (2019)<br>7. Sarah Anne Richter &#8211; 8,05 km (2022)<br>8. Daniel Schlott &#8211; 7,90 km (2011)<br>9. Wilhelm Richert &#8211; 7,90 km (2023)<br>10. Sarah Anne Richter &#8211; 7,80 km (2023)<\/p>\n\n\n\n<h2 class=\"wp-block-heading\">BESTER VEREIN<\/h2>\n\n\n\n<p class=\"has-small-font-size\">1. Wasserwacht Th\u00fcringen &#8211; 783,65 km (2015)<br><strong>2. Meininger Wasserfreunde &#8211; 702,70 km (2025)<\/strong><br>3. Meininger Wasserfreunde &#8211; 627,75 km (2024)<br>4. Meininger Wasserfreunde &#8211; 537,75 km (2015)<br>5. Meininger Wasserfreunde &#8211; 507,70 km (2023)<br>6. Meininger Wasserfreunde &#8211; 493,30 km (2017)<br>7. Meininger Wasserfreunde &#8211; 471,90 km (2016)<br>8. Meininger Wasserfreunde &#8211; 436,50 km (2019)<br>9. Meininger Wasserfreunde &#8211; 417,55 km (2009)<br>10. Meininger Wasserfreunde &#8211; 414,75 km (2010)<\/p>\n\n\n\n<h2 class=\"wp-block-heading\">BESTE FAMILIE<\/h2>\n\n\n\n<p class=\"has-small-font-size\">1. Familie Peter Hoffmann &#8211; 152,65 km (2015)<br>2. Familie Peter Hoffmann &#8211; 123,00 km (2014)<br>3. Familie Robert Richert &#8211; 119,45 km (2022)<br>4. Familie Antje Hoffmann &#8211; 110,45 km (2016)<br>5. Familie Marco Hanft &#8211; 110,15 km (2018)<br>6. Familie Dieter Hoffmann &#8211; 106,50 km (2017)<br>7. Swim-Team Fam. Bangert &#8211; 106,05 km (2018)<br>8. Familie Robert Richert &#8211; 105,00 km (2013)<br>9. Familie Robert Richert &#8211; 104,65 km (2010)<br>10. Familie Steffen Buck &#8211; 103,70 km (2018)<\/p>\n<\/div><\/div>\n\n\n\n<div class=\"wp-block-kadence-tab kt-tab-inner-content kt-inner-tab-2 kt-inner-tab4c311b-ee\"><div class=\"kt-tab-inner-content-inner\">\n<div class=\"wp-block-columns is-layout-flex wp-container-core-columns-is-layout-9d6595d7 wp-block-columns-is-layout-flex\">\n<div class=\"wp-block-column is-layout-flow wp-block-column-is-layout-flow\">\n<p class=\"has-medium-font-size\"><a href=\"https:\/\/e24h-register.pcd-midi.de\/gesamtauswertung-aller-schwimmer-2025\/\" target=\"_blank\" rel=\"noreferrer noopener\"><strong>&gt;&gt; Gesamtergebnis<\/strong><\/a><\/p>\n<\/div>\n<\/div>\n\n\n\n<hr class=\"wp-block-separator has-alpha-channel-opacity\"\/>\n\n\n\n<figure class=\"wp-block-image size-large\"><img loading=\"lazy\" decoding=\"async\" width=\"2560\" height=\"1702\" src=\"https:\/\/24-stunden-schwimmen.de\/wp-content\/uploads\/2025\/06\/DSC0247-edited-scaled.jpg\" alt=\"\" class=\"wp-image-1015\" srcset=\"https:\/\/24-stunden-schwimmen.de\/wp-content\/uploads\/2025\/06\/DSC0247-edited-scaled.jpg 2560w, https:\/\/24-stunden-schwimmen.de\/wp-content\/uploads\/2025\/06\/DSC0247-edited-300x199.jpg 300w, https:\/\/24-stunden-schwimmen.de\/wp-content\/uploads\/2025\/06\/DSC0247-edited-1024x681.jpg 1024w, https:\/\/24-stunden-schwimmen.de\/wp-content\/uploads\/2025\/06\/DSC0247-edited-768x511.jpg 768w, https:\/\/24-stunden-schwimmen.de\/wp-content\/uploads\/2025\/06\/DSC0247-edited-1536x1021.jpg 1536w, https:\/\/24-stunden-schwimmen.de\/wp-content\/uploads\/2025\/06\/DSC0247-edited-2048x1362.jpg 2048w\" sizes=\"auto, (max-width: 2560px) 100vw, 2560px\" \/><\/figure>\n\n\n\n<p class=\"has-medium-font-size\"><strong>28. MEININGER 24-STUNDEN-SCHWIMMEN<\/strong><\/p>\n\n\n\n<p class=\"has-normal-font-size\"><strong>28. und 29. Juli 2025<\/strong><\/p>\n\n\n\n<h2 class=\"wp-block-heading\">GESAMTWEITE<\/h2>\n\n\n\n<p class=\"has-normal-font-size\"><strong>3.360,200 km<\/strong><\/p>\n\n\n\n<h2 class=\"wp-block-heading\">TEILNEHMER<\/h2>\n\n\n\n<p class=\"has-normal-font-size\">735<\/p>\n\n\n\n<h2 class=\"wp-block-heading\">BESTER SCHWIMMER<\/h2>\n\n\n\n<p class=\"has-normal-font-size\">1. Romano&nbsp; Mombelli &#8211;&gt; 63.500 m<br>2. Norbert Bangert &#8211;&gt; 53.600 m<br>3. Daniel Claus &#8211;&gt; 53.500 m<\/p>\n\n\n\n<h2 class=\"wp-block-heading\">BESTE SCHWIMMERIN<\/h2>\n\n\n\n<p class=\"has-normal-font-size\">1. Katharina Emmert &#8211;&gt; 50.050 m<br>2. Anja Singer &#8211;&gt; 43.700 m<br>3. Karin M\u00fcller &#8211;&gt; 42950 m<\/p>\n\n\n\n<h2 class=\"wp-block-heading\">KINDER BIS 8 JAHRE M\u00c4NNLICH<\/h2>\n\n\n\n<p class=\"has-normal-font-size\">1. Albert Voigt &#8211;&gt; 3.400 m<br>2. Aron Ohme &#8211;&gt; 3.100 m<br>3. Fabian Roth &#8211;&gt; 2.200 m<\/p>\n\n\n\n<h2 class=\"wp-block-heading\">KINDER BIS 8 JAHRE WEIBLICH<\/h2>\n\n\n\n<p class=\"has-normal-font-size\">1. Lucy Matth\u00e4i &#8211;&gt; 8.400 m<br>2. Anna W\u00f6lfing &#8211;&gt; 3.400 m<br>3. Calla Werner &#8211;&gt; 1.700 m<\/p>\n\n\n\n<h2 class=\"wp-block-heading\">KINDER BIS 12 JAHRE M\u00c4NNLICH<\/h2>\n\n\n\n<p class=\"has-normal-font-size\">1. Lucas Hoffmann &#8211;&gt; 24.400 m<br>2. Moritz G\u00f6pfert &#8211;&gt; 20.400 m<br>3. Carlson Eickholt &#8211;&gt; 19.300 m<\/p>\n\n\n\n<h2 class=\"wp-block-heading\">KINDER BIS 12 JAHRE WEIBLICH<\/h2>\n\n\n\n<p class=\"has-normal-font-size\">1. Anni Rei\u00df &#8211;&gt; 20.000 m<br>2. Emma Bohn &#8211;&gt; 18.000 m<br>2. Milla Caspari &#8211;&gt; 15.400 m<\/p>\n\n\n\n<h2 class=\"wp-block-heading\">GRUPPENPOKAL<\/h2>\n\n\n\n<p class=\"has-normal-font-size\">1. Warmduscher &#8222;Einer f\u00fcr Alle&#8220; &#8211;> 48.383 m<br>2. ZischerHaie &#8211;> 17.970 m<br>3. Warmduscher &#8222;Alle f\u00fcr Einen&#8220; &#8211;> 17.531 m<\/p>\n\n\n\n<p class=\"has-small-font-size\">Erstmalig im Jahr 2016 wurde der Wertungsmodus umgestellt auf die durchschnittliche Leistung der zum Team geh\u00f6renden Schwimmer.<\/p>\n\n\n\n<h2 class=\"wp-block-heading\">NACHTPOKAL<\/h2>\n\n\n\n<p class=\"has-normal-font-size\">1. Jan Diebold &#8211;&gt; 5.200 m <br>2. Franka R\u00f6nsch &#8211;&gt; 5.000 m<br>3. Katharina Emmert &#8211;&gt; 4.500 m<\/p>\n\n\n\n<h2 class=\"wp-block-heading\">BESTER VEREIN<\/h2>\n\n\n\n<p class=\"has-normal-font-size\">1. Meininger Schwimmverein &#8222;Wasserfreunde&#8220; e.V. &#8211;&gt; 702.700 m<br>2. Wasserwacht Hildburghausen &#8211;&gt; 273.900 m<br>3. SV Wartburgstadt Eisenach &#8211;&gt; 78.650 m<\/p>\n\n\n\n<h2 class=\"wp-block-heading\">GRUNDSCHUL-POKAL<\/h2>\n\n\n\n<p class=\"has-normal-font-size\">1. GS Am Pulverrasen &#8211;&gt; 5.150 m<br>2. GS Am Dolmar &#8211;&gt; 3.900 m<br>3. GS Herpf &#8211;&gt; 3.800 m<br>4. GS Frankenheim &#8211;&gt; 3.650 m<br>5. GS Ludwig Bechstein &#8211;&gt; 3.350 m<\/p>\n\n\n\n<h2 class=\"wp-block-heading\">BESTE FAMILIE<\/h2>\n\n\n\n<p class=\"has-normal-font-size\">1. Familie Bangert &#8211;&gt; 91.700 m<br>2. Familie Juda &#8211;&gt; 75.800 m<br>3. Familie Hoffmann &#8211;&gt; 57.800 m<\/p>\n\n\n\n<h2 class=\"wp-block-heading\">J\u00dcNSTE\/r TEILNEHMER\/in<\/h2>\n\n\n\n<p class=\"has-normal-font-size\">1. Tilda Bauroth (6 Jahre)<\/p>\n\n\n\n<h2 class=\"wp-block-heading\">\u00c4LTESTE\/r TEILNEHMER\/in<\/h2>\n\n\n\n<p class=\"has-normal-font-size\">1. Renate Pf\u00fctzner (87 Jahre)<\/p>\n<\/div><\/div>\n\n\n\n<div class=\"wp-block-kadence-tab kt-tab-inner-content kt-inner-tab-3 kt-inner-tabdeb993-de\"><div class=\"kt-tab-inner-content-inner\">\n<div class=\"wp-block-columns is-layout-flex wp-container-core-columns-is-layout-9d6595d7 wp-block-columns-is-layout-flex\">\n<div class=\"wp-block-column is-layout-flow wp-block-column-is-layout-flow\">\n<p><a href=\"https:\/\/e24h-online.de\/ergebnisse-27-meininger-24-stunden-schwimmen-2024-2\/\" target=\"_blank\" rel=\"noreferrer noopener\">GESAMTERGEBNISSE 27. MEININGER 24-STUNDEN-SCHWIMMEN 2024 \u2013 e24h- (e24h-online.de)<\/a><\/p>\n<\/div>\n<\/div>\n\n\n\n<hr class=\"wp-block-separator has-alpha-channel-opacity\"\/>\n\n\n\n<figure class=\"wp-block-image size-large\"><img loading=\"lazy\" decoding=\"async\" width=\"1024\" height=\"681\" src=\"https:\/\/24-stunden-schwimmen.de\/wp-content\/uploads\/2024\/08\/DSC0684-1024x681.jpg\" alt=\"\" class=\"wp-image-954\" srcset=\"https:\/\/24-stunden-schwimmen.de\/wp-content\/uploads\/2024\/08\/DSC0684-1024x681.jpg 1024w, https:\/\/24-stunden-schwimmen.de\/wp-content\/uploads\/2024\/08\/DSC0684-300x199.jpg 300w, https:\/\/24-stunden-schwimmen.de\/wp-content\/uploads\/2024\/08\/DSC0684-768x511.jpg 768w, https:\/\/24-stunden-schwimmen.de\/wp-content\/uploads\/2024\/08\/DSC0684-1536x1021.jpg 1536w, https:\/\/24-stunden-schwimmen.de\/wp-content\/uploads\/2024\/08\/DSC0684-2048x1362.jpg 2048w\" sizes=\"auto, (max-width: 1024px) 100vw, 1024px\" \/><\/figure>\n\n\n\n<p class=\"has-medium-font-size\"><strong>27. MEININGER 24-STUNDEN-SCHWIMMEN<\/strong><\/p>\n\n\n\n<p class=\"has-normal-font-size\"><strong>10. und 11. Juli 2024<\/strong><\/p>\n\n\n\n<h2 class=\"wp-block-heading\">GESAMTWEITE<\/h2>\n\n\n\n<p class=\"has-normal-font-size\"><strong>3.512,200 km (REKORD!)<\/strong><\/p>\n\n\n\n<h2 class=\"wp-block-heading\">TEILNEHMER<\/h2>\n\n\n\n<p class=\"has-normal-font-size\">807<\/p>\n\n\n\n<h2 class=\"wp-block-heading\">BESTER SCHWIMMER<\/h2>\n\n\n\n<p class=\"has-normal-font-size\">1. Eric Seller &#8211;&gt; 60.150 m<br>1. Alexander Locke &#8211;&gt; 60.150 m<br>3. Ulf Karnikowski &#8211;&gt; 53.150 m<\/p>\n\n\n\n<h2 class=\"wp-block-heading\">BESTE SCHWIMMERIN<\/h2>\n\n\n\n<p class=\"has-normal-font-size\">1. Katharina Emmert &#8211;&gt; 50.050 m<br>2. Ann Kathrin Wutz &#8211;&gt; 46.350 m<br>3. Antje Hoffmann &#8211;&gt; 36.000 m<br>3. Carolin Jacob &#8211;&gt; 36.000 m<\/p>\n\n\n\n<h2 class=\"wp-block-heading\">KINDER BIS 8 JAHRE M\u00c4NNLICH<\/h2>\n\n\n\n<p class=\"has-normal-font-size\">1. Ole Fritz Glahn &#8211;&gt; 1.500 m<br>2. Paul Reum &#8211;&gt; 1.100 m<br>3. Johannes Weber &#8211;&gt; 800 m<\/p>\n\n\n\n<h2 class=\"wp-block-heading\">KINDER BIS 8 JAHRE WEIBLICH<\/h2>\n\n\n\n<p class=\"has-normal-font-size\">1. Lucy Matth\u00e4i &#8211;&gt; 4.000 m<br>2. Sophia Gr\u00e4f &#8211;&gt; 2.200 m<br>3. Johanna Volkmann &#8211;&gt; 1.100 m<\/p>\n\n\n\n<h2 class=\"wp-block-heading\">KINDER BIS 12 JAHRE M\u00c4NNLICH<\/h2>\n\n\n\n<p class=\"has-normal-font-size\">1. Moritz G\u00f6pfert &#8211;&gt; 12.400 m<br>2. Bjarne Schmidt &#8211;&gt; 12.200 m<br>3. Karl Willi Heinze &#8211;&gt; 11.450 m<\/p>\n\n\n\n<h2 class=\"wp-block-heading\">KINDER BIS 12 JAHRE WEIBLICH<\/h2>\n\n\n\n<p class=\"has-normal-font-size\">1. Viona Voigt &#8211;&gt; 20.000 m<br>2. Lilly Hellner &#8211;&gt; 16.500 m<br>2. Luise Marr &#8211;&gt; 10.000 m<\/p>\n\n\n\n<h2 class=\"wp-block-heading\">GRUPPENPOKAL<\/h2>\n\n\n\n<p class=\"has-normal-font-size\">1. Team Warmduscher (TWD) TOP 5 &#8211;&gt; 50.410 m<br>2. TWD Rostbratw\u00fcrste &#8211;&gt; 29.336 m<br>3. TWD Rostbr\u00e4tl &#8211;&gt; 14.364 m<\/p>\n\n\n\n<p class=\"has-small-font-size\">Erstmalig im Jahr 2016 wurde der Wertungsmodus umgestellt auf die durchschnittliche Leistung der zum Team geh\u00f6renden Schwimmer.<\/p>\n\n\n\n<h2 class=\"wp-block-heading\">NACHTPOKAL<\/h2>\n\n\n\n<p class=\"has-normal-font-size\">1. Ian Meinhardt &#8211;&gt; 9.450 m <br>2. Sarah Anne Richter &#8211;&gt; 7.550 m<br>3. Ann Kathrin Wutz &#8211;&gt; 6.700 m<\/p>\n\n\n\n<h2 class=\"wp-block-heading\">BESTER VEREIN<\/h2>\n\n\n\n<p class=\"has-normal-font-size\">1. SV &#8222;Wasserfreunde&#8220; Meiningen e.V. &#8211;&gt; 627.750 m<br>2. DRK Wasserwacht Hildburghausen &#8211;&gt; 140.200 m<br>3. Wasserwacht S\u00f6mmerda &#8211;&gt; 122.450 m<\/p>\n\n\n\n<h2 class=\"wp-block-heading\">GRUNDSCHUL-POKAL<\/h2>\n\n\n\n<p class=\"has-normal-font-size\">1. GS Am Pulverrasen &#8211;&gt; 5.090 m<br>2. GS Ludwig Chronegk &#8211;&gt; 4.782 m<br>3. GS Am Dolmar &#8211;&gt; 3.848 m<br>4. GS Frankenheim &#8211;&gt; 3.420 m<br>5. GS Kaltenwestheim &#8211;&gt; 3.305 m<br>6. GS Ludwig Bechstein &#8211;&gt; 2.765 m<\/p>\n\n\n\n<h2 class=\"wp-block-heading\">BESTE FAMILIE<\/h2>\n\n\n\n<p class=\"has-normal-font-size\">1. SchwimTeam Bangert &#8211;&gt; 82.100 m<br>2. Familie Richter &#8211;&gt; 64.250 m<br>3. Familie Robert Richert &#8211;&gt; 45.100 m<\/p>\n\n\n\n<h2 class=\"wp-block-heading\">J\u00dcNSTE\/r TEILNEHMER\/in<\/h2>\n\n\n\n<p class=\"has-normal-font-size\">1. Levi R\u00f6sser (5 Jahre)<\/p>\n\n\n\n<h2 class=\"wp-block-heading\">\u00c4LTESTE\/r TEILNEHMER\/in<\/h2>\n\n\n\n<p class=\"has-normal-font-size\">1. Dr. Karl Christian M\u00fcller (86 Jahre)<\/p>\n<\/div><\/div>\n\n\n\n<div class=\"wp-block-kadence-tab kt-tab-inner-content kt-inner-tab-4 kt-inner-tab6aa8e4-18\"><div class=\"kt-tab-inner-content-inner\">\n<figure class=\"wp-block-image size-large\"><img decoding=\"async\" src=\"https:\/\/24-stunden-schwimmen.de\/wp-content\/uploads\/2023\/06\/DSC0135-1024x681.jpg\" alt=\"\" class=\"wp-image-832\"\/><\/figure>\n\n\n\n<h2 class=\"wp-block-heading\">26. MEININGER 24-STUNDEN-SCHWIMMEN<\/h2>\n\n\n\n<p class=\"has-normal-font-size\"><strong>24. und 25. Juli 2023<\/strong><\/p>\n\n\n\n<h2 class=\"wp-block-heading\">GESAMTWEITE<\/h2>\n\n\n\n<p class=\"has-normal-font-size\"><strong>3.486,40 km (REKORD!)<\/strong><\/p>\n\n\n\n<h2 class=\"wp-block-heading\">TEILNEHMER<\/h2>\n\n\n\n<p class=\"has-normal-font-size\">892 (REKORD!)<\/p>\n\n\n\n<h2 class=\"wp-block-heading\">BESTER SCHWIMMER<\/h2>\n\n\n\n<p class=\"has-normal-font-size\">1. Eric Seller &#8211;&gt; 67.100 m<br>2. Norbert Bangert &#8211;&gt; 60.250 m<br>3. Romano Mombelli &#8211;&gt; 59.600 m<\/p>\n\n\n\n<h2 class=\"wp-block-heading\">BESTE SCHWIMMERIN<\/h2>\n\n\n\n<p class=\"has-normal-font-size\">1. Sarah Dubiel &#8211;&gt; 57.500 m<br>2. Katharina Emmert &#8211;&gt; 50.550 m<br>3. Tatjana Egerland &#8211;&gt; 44.500 m<\/p>\n\n\n\n<h2 class=\"wp-block-heading\">KINDER BIS 8 JAHRE M\u00c4NNLICH<\/h2>\n\n\n\n<p class=\"has-normal-font-size\">1. Karl Willi Heinze &#8211;&gt; 6.400 m<br>2. Arthur Kirschenpfadt &#8211;&gt; 6.000 m<br>3. Albert Grams &#8211;&gt; 1.600 m<\/p>\n\n\n\n<h2 class=\"wp-block-heading\">KINDER BIS 8 JAHRE WEIBLICH<\/h2>\n\n\n\n<p class=\"has-normal-font-size\">1. Luise Marr &#8211;&gt; 6.300 m<br>2. Milla Caspari &#8211;&gt; 5.400 m<br>3. Emma Bohn &#8211;&gt; 2.500 m<\/p>\n\n\n\n<h2 class=\"wp-block-heading\">KINDER BIS 12 JAHRE M\u00c4NNLICH<\/h2>\n\n\n\n<p class=\"has-normal-font-size\">1. Arik Juda &#8211;&gt; 20.200 m<br>2. Luke Reckwell &#8211;&gt; 8.500 m<br>3. Bjarne Schmidt &#8211;&gt; 8.300 m<\/p>\n\n\n\n<h2 class=\"wp-block-heading\">KINDER BIS 12 JAHRE WEIBLICH<\/h2>\n\n\n\n<p class=\"has-normal-font-size\">1. Elisa Leubecher &#8211;&gt; 15.100 m<br>2. Laya &#8211; Jay Fleck &#8211;&gt; 13.950 m<br>2. Finja Cheyenne Hoffmann &#8211;&gt; 13.950 m<\/p>\n\n\n\n<h2 class=\"wp-block-heading\">GRUPPENPOKAL<\/h2>\n\n\n\n<p class=\"has-normal-font-size\"><strong>1. Team Warmduscher 1 &#8211;&gt; 58.340 m (REKORD!)<\/strong><br>2. Team Warmduscher 2 &#8211;&gt; 27.370 m<br>3. Team Warmduscher 3 &#8211;&gt; 22.570 m<\/p>\n\n\n\n<p class=\"has-small-font-size\">Erstmalig im Jahr 2016 wurde der Wertungsmodus umgestellt auf die durchschnittliche Leistung der zum Team geh\u00f6renden Schwimmer.<\/p>\n\n\n\n<h2 class=\"wp-block-heading\">NACHTPOKAL<\/h2>\n\n\n\n<p class=\"has-normal-font-size\">1. Ian Meinhardt &#8211;&gt; 9.800 m (REKORD!)<br>2. Wilhelm Rickert &#8211;&gt; 7.900 m<br>3. Sarah Anne Richter &#8211;&gt; 7.800 m<\/p>\n\n\n\n<h2 class=\"wp-block-heading\">BESTER VEREIN<\/h2>\n\n\n\n<p class=\"has-normal-font-size\">1. SV &#8222;Wasserfreunde&#8220; Meiningen e.V. &#8211;&gt; 507.700 m<br>2. DRK Wasserwacht Suhl &#8211;&gt; 181.750 m<br>3. DRK Wasserwacht Hildburghausen &#8211;&gt; 181.350 m<\/p>\n\n\n\n<h2 class=\"wp-block-heading\">GRUNDSCHUL-POKAL<\/h2>\n\n\n\n<p class=\"has-normal-font-size\">1. GS L. Chronegk Meiningen &#8211;&gt; 5.000 m<br>2. GS Herpf 2 &#8211;&gt; 4.850 m<br>2. GS Himmelreich Suhl &#8211;&gt; 4.700 m<\/p>\n\n\n\n<h2 class=\"wp-block-heading\">BESTE FAMILIE<\/h2>\n\n\n\n<p class=\"has-normal-font-size\">1. Keine Wertung &#8211;&gt; 0 m<br>2. Keine Wertung &#8211;&gt; 0 m<br>3. Keine Wertung &#8211;&gt; 0 m<\/p>\n\n\n\n<h2 class=\"wp-block-heading\">J\u00dcNSTE\/r TEILNEHMER\/in<\/h2>\n\n\n\n<p class=\"has-normal-font-size\">1. Albert Voigt (4 Jahre)<\/p>\n\n\n\n<h2 class=\"wp-block-heading\">\u00c4LTESTE\/r TEILNEHMER\/in<\/h2>\n\n\n\n<p class=\"has-normal-font-size\">1. Gerhard Fischer (83 Jahre)<\/p>\n<\/div><\/div>\n\n\n\n<div class=\"wp-block-kadence-tab kt-tab-inner-content kt-inner-tab-5 kt-inner-tab4a5eb9-69\"><div class=\"kt-tab-inner-content-inner\">\n<figure class=\"wp-block-image size-full\"><img loading=\"lazy\" decoding=\"async\" width=\"709\" height=\"471\" src=\"https:\/\/24-stunden-schwimmen.de\/wp-content\/uploads\/2022\/07\/2022_24h_SiegerIn_Web.jpg\" alt=\"\" class=\"wp-image-530\" srcset=\"https:\/\/24-stunden-schwimmen.de\/wp-content\/uploads\/2022\/07\/2022_24h_SiegerIn_Web.jpg 709w, https:\/\/24-stunden-schwimmen.de\/wp-content\/uploads\/2022\/07\/2022_24h_SiegerIn_Web-300x199.jpg 300w\" sizes=\"auto, (max-width: 709px) 100vw, 709px\" \/><\/figure>\n\n\n\n<h2 class=\"wp-block-heading\">25. MEININGER 24-STUNDEN-SCHWIMMEN<\/h2>\n\n\n\n<p class=\"has-normal-font-size\"><strong>9. und 10. Juli 2022<\/strong><\/p>\n\n\n\n<h2 class=\"wp-block-heading\">GESAMTWEITE<\/h2>\n\n\n\n<p class=\"has-normal-font-size\"><strong>2.168,40 km<\/strong><\/p>\n\n\n\n<h2 class=\"wp-block-heading\">TEILNEHMER<\/h2>\n\n\n\n<p class=\"has-normal-font-size\">496<\/p>\n\n\n\n<h2 class=\"wp-block-heading\">BESTER SCHWIMMER<\/h2>\n\n\n\n<p class=\"has-normal-font-size\">1. Eric Seller &#8211;&gt; 62.000 m<br>2. Daniel Zehner &#8211;&gt; 52.300 m<br>3. Norbert Bangert &#8211;&gt; 52.050 m<\/p>\n\n\n\n<h2 class=\"wp-block-heading\">BESTE SCHWIMMERIN<\/h2>\n\n\n\n<p class=\"has-normal-font-size\">1. Katharina Emmert &#8211;&gt; 55.900 m<br>2. Karen Denni &#8211;&gt; 55.700 m<br>3. Sarah Dubiel &#8211;&gt; 55.000 m<\/p>\n\n\n\n<h2 class=\"wp-block-heading\">KINDER BIS 8 JAHRE M\u00c4NNLICH<\/h2>\n\n\n\n<p class=\"has-normal-font-size\">1. Karl Willi Heinze &#8211;&gt; 2.600 m<br>2. Luke Reckwell &#8211;&gt; 2.300 m<br>3. Lucas Hoffmann &#8211;&gt; 900 m<\/p>\n\n\n\n<h2 class=\"wp-block-heading\">KINDER BIS 8 JAHRE WEIBLICH<\/h2>\n\n\n\n<p class=\"has-normal-font-size\">1. Maren Ahnert &#8211;&gt; 1.000 m<br>2. Anna Andreeva &#8211;&gt; 600 m<br>2. Luise Marr &#8211;&gt; 600 m<\/p>\n\n\n\n<h2 class=\"wp-block-heading\">KINDER BIS 12 JAHRE M\u00c4NNLICH<\/h2>\n\n\n\n<p class=\"has-normal-font-size\">1. Arik Juda &#8211;&gt; 10.000 m<br>2. Paul Eichhorn &#8211;&gt; 6.350 m<br>3. Noah Amthor &#8211;&gt; 5.300 m<\/p>\n\n\n\n<h2 class=\"wp-block-heading\">KINDER BIS 12 JAHRE WEIBLICH<\/h2>\n\n\n\n<p class=\"has-normal-font-size\">1. Charlotte Richert &#8211;&gt; 17.750 m<br>2. Hanna Opitz &#8211;&gt; 10.500 m<br>3. Finja Hoffmann &#8211;&gt; 10.000 m<\/p>\n\n\n\n<h2 class=\"wp-block-heading\">GRUPPENPOKAL<\/h2>\n\n\n\n<p class=\"has-normal-font-size\">1. Team Warmduscher Prinzen &#8211;&gt; 41.610 m<br>2. Team Warmduscher Prinzessinnen &#8211;&gt; 35.860 m<br>3. Swim Team Double B &#8211;&gt; 23.183 m<\/p>\n\n\n\n<p class=\"has-small-font-size\">Erstmalig im Jahr 2016 wurde der Wertungsmodus umgestellt auf die durchschnittliche Leistung der zum Team geh\u00f6renden Schwimmer.<\/p>\n\n\n\n<h2 class=\"wp-block-heading\">NACHTPOKAL<\/h2>\n\n\n\n<p class=\"has-normal-font-size\">1. Sarah Anne Richter &#8211;&gt; 8.050 m<br>2. Eric Seller &#8211;&gt; 5.500 m<br>3. Torsten Pfaff &#8211;&gt; 5.250 m<\/p>\n\n\n\n<h2 class=\"wp-block-heading\">BESTER VEREIN<\/h2>\n\n\n\n<p class=\"has-normal-font-size\">1. SV &#8222;Wasserfreunde&#8220; Meiningen e.V. &#8211;&gt; 324.000 m<br>2. DRK Wasserwacht Hildburghausen &#8211;&gt; 65.700 m<br>3. WSV Bad T\u00f6lz &#8211;&gt; 48.750 m<\/p>\n\n\n\n<h2 class=\"wp-block-heading\">GRUNDSCHUL-POKAL<\/h2>\n\n\n\n<p class=\"has-normal-font-size\">1. GS L. Chronegk Meiningen &#8211;&gt; 5.150 m<br>2. GS Henneberg &#8211;&gt; 4.550 m<br>2. GS Herpf &#8211;&gt; 4.550 m<\/p>\n\n\n\n<h2 class=\"wp-block-heading\">BESTE FAMILIE<\/h2>\n\n\n\n<p class=\"has-normal-font-size\">1. Robert Richert &#8211;&gt; 119.450 m<br>2. Till Richter &#8211;&gt; 65.450 m<br>3. Rene Marmulla &#8211;&gt; 64.500 m<\/p>\n\n\n\n<h2 class=\"wp-block-heading\">J\u00dcNSTE\/r TEILNEHMER\/in<\/h2>\n\n\n\n<p class=\"has-normal-font-size\"><em>1. Fynn Leandro Marr (4 Jahre) in Kl\u00e4rung<\/em><\/p>\n\n\n\n<h2 class=\"wp-block-heading\">\u00c4LTESTE\/r TEILNEHMER\/in<\/h2>\n\n\n\n<p class=\"has-normal-font-size\">1. Helmut Fl\u00fcgel (84 Jahre)<\/p>\n<\/div><\/div>\n\n\n\n<div class=\"wp-block-kadence-tab kt-tab-inner-content kt-inner-tab-6 kt-inner-tab031506-7f\"><div class=\"kt-tab-inner-content-inner\">\n<figure class=\"wp-block-image size-full\"><img loading=\"lazy\" decoding=\"async\" width=\"795\" height=\"740\" src=\"https:\/\/24-stunden-schwimmen.de\/wp-content\/uploads\/2022\/03\/24Tage_Schwimmen_HaiNo_Medaille.jpg\" alt=\"\" class=\"wp-image-467\" srcset=\"https:\/\/24-stunden-schwimmen.de\/wp-content\/uploads\/2022\/03\/24Tage_Schwimmen_HaiNo_Medaille.jpg 795w, https:\/\/24-stunden-schwimmen.de\/wp-content\/uploads\/2022\/03\/24Tage_Schwimmen_HaiNo_Medaille-300x279.jpg 300w, https:\/\/24-stunden-schwimmen.de\/wp-content\/uploads\/2022\/03\/24Tage_Schwimmen_HaiNo_Medaille-768x715.jpg 768w\" sizes=\"auto, (max-width: 795px) 100vw, 795px\" \/><\/figure>\n\n\n\n<h2 class=\"wp-block-heading\">MEININGER 24-TAGE-SCHWIMMEN<\/h2>\n\n\n\n<h2 class=\"wp-block-heading has-normal-font-size\">(CORONA-SONDER-FORMAT)<\/h2>\n\n\n\n<h2 class=\"wp-block-heading\">GESAMTWEITE<\/h2>\n\n\n\n<p class=\"has-normal-font-size\"><strong><strong>4.560,58<\/strong> km<\/strong><\/p>\n\n\n\n<h2 class=\"wp-block-heading\">TEILNEHMER<\/h2>\n\n\n\n<p class=\"has-normal-font-size\"><strong>228<\/strong><\/p>\n\n\n\n<h2 class=\"wp-block-heading\">BESTER SCHWIMMER<\/h2>\n\n\n\n<p class=\"has-normal-font-size\"><strong>1. Sven Eckardt &#8211;&gt; 282.000 m<\/strong><br><strong>(24-Tage-Schwimm-Rekord!)<\/strong><br>2. Peter Kaufmann &#8211;&gt; 205.900 m<br>3. Gregor Fuchs &#8211;&gt; 155.550 m<\/p>\n\n\n\n<h2 class=\"wp-block-heading\">BESTE SCHWIMMERIN<\/h2>\n\n\n\n<p class=\"has-normal-font-size\">1. Jacqueline Schleicher &#8211;&gt; 200.200 m<br>2. Kristin Fr\u00f6hlich &#8211;&gt; 122.300 m<br>3. Maren Kremmer &#8211;&gt; 106.255 m<\/p>\n\n\n\n<h2 class=\"wp-block-heading\">KINDER BIS 8 JAHRE M\u00c4NNLICH<\/h2>\n\n\n\n<p class=\"has-normal-font-size\">1. Luke Reckwell &#8211;&gt; 5.600 m<br>2. Luka Baumann &#8211;&gt; 2.200 m<br>3. John Fu\u00df &#8211;&gt; 2.050 m<\/p>\n\n\n\n<h2 class=\"wp-block-heading\">KINDER BIS 8 JAHRE WEIBLICH<\/h2>\n\n\n\n<p class=\"has-normal-font-size\">1. Ylvi Hennings  &#8211;&gt; 700 m<br>1. Avitall Wagner &#8211;&gt; 700 m<br>3. Jasmin Heller &#8211;&gt; 200 m<\/p>\n\n\n\n<h2 class=\"wp-block-heading\">KINDER BIS 12 JAHRE M\u00c4NNLICH<\/h2>\n\n\n\n<p class=\"has-normal-font-size\">1. Arik Juda &#8211;&gt; 11.600 m<br>2. Ian Freund &#8211;&gt; 7.100 m<br>3. Sascha Baumann &#8211;&gt; 6.800 m<\/p>\n\n\n\n<h2 class=\"wp-block-heading\">KINDER BIS 12 JAHRE WEIBLICH<\/h2>\n\n\n\n<p class=\"has-normal-font-size\">1. Greta Bastubbe &#8211;&gt; 100.000 m<br>2. Lene Gei\u00dfenh\u00f6hner &#8211;&gt; 8.100 m<br>3. Laya-Jay Fleck &#8211;&gt; 5.800 m<\/p>\n\n\n\n<h2 class=\"wp-block-heading\">J\u00dcNSTER TEILNEHMER<\/h2>\n\n\n\n<p class=\"has-normal-font-size\">1. Ronja Winkler (2015)<\/p>\n\n\n\n<h2 class=\"wp-block-heading\">\u00c4LTESTER TEILNEHMER<\/h2>\n\n\n\n<p class=\"has-normal-font-size\">1. Hannelore Lips (geb. 1937)<\/p>\n<\/div><\/div>\n\n\n\n<div class=\"wp-block-kadence-tab kt-tab-inner-content kt-inner-tab-7 kt-inner-tab5abcab-07\"><div class=\"kt-tab-inner-content-inner\">\n<figure class=\"wp-block-image size-large\"><img loading=\"lazy\" decoding=\"async\" width=\"1024\" height=\"748\" src=\"http:\/\/2020.24-stunden-schwimmen.de\/wp-content\/uploads\/2021\/05\/24h_2020-1024x748.jpg\" alt=\"\" class=\"wp-image-128\" srcset=\"https:\/\/24-stunden-schwimmen.de\/wp-content\/uploads\/2021\/05\/24h_2020-1024x748.jpg 1024w, https:\/\/24-stunden-schwimmen.de\/wp-content\/uploads\/2021\/05\/24h_2020-300x219.jpg 300w, https:\/\/24-stunden-schwimmen.de\/wp-content\/uploads\/2021\/05\/24h_2020-768x561.jpg 768w, https:\/\/24-stunden-schwimmen.de\/wp-content\/uploads\/2021\/05\/24h_2020-1536x1121.jpg 1536w, https:\/\/24-stunden-schwimmen.de\/wp-content\/uploads\/2021\/05\/24h_2020.jpg 1660w\" sizes=\"auto, (max-width: 1024px) 100vw, 1024px\" \/><\/figure>\n\n\n\n<h2 class=\"wp-block-heading\">MEININGER 24-TAGE-SCHWIMMEN<\/h2>\n\n\n\n<h2 class=\"wp-block-heading has-normal-font-size\">(CORONA-SONDER-FORMAT)<\/h2>\n\n\n\n<h2 class=\"wp-block-heading\">GESAMTWEITE<\/h2>\n\n\n\n<p class=\"has-normal-font-size\"><strong>3.382,52 km<\/strong><\/p>\n\n\n\n<h2 class=\"wp-block-heading\">TEILNEHMER<\/h2>\n\n\n\n<p class=\"has-normal-font-size\"><strong>282<\/strong><\/p>\n\n\n\n<h2 class=\"wp-block-heading\">BESTER SCHWIMMER<\/h2>\n\n\n\n<p class=\"has-normal-font-size\"><strong>1. Sven Eckardt &#8211;&gt; 151.500 m<\/strong><br><strong>(24-Tage-Schwimm-Rekord!)<\/strong><br>2. Markus Egerland &#8211;&gt; 108.100 m<br>3. Peter Kaufmann &#8211;&gt; 92.650 m<\/p>\n\n\n\n<h2 class=\"wp-block-heading\">BESTE SCHWIMMERIN<\/h2>\n\n\n\n<p class=\"has-normal-font-size\">1. Tatjana Egerland &#8211;&gt; 69.600 m<br>2. Josefine Rutkowski &#8211;&gt; 68.200 m<br>3. Antje Hoffmann &#8211;&gt; 61.000 m<\/p>\n\n\n\n<h2 class=\"wp-block-heading\">KINDER BIS 8 JAHRE M\u00c4NNLICH<\/h2>\n\n\n\n<p class=\"has-normal-font-size\">1. Ole Joachim M\u00fcller &#8211;&gt; 2.400 m<br>2. Arik Juda &#8211;&gt; 1.800 m<br>3. Otto Albrecht &#8211;&gt; 1.000 m<\/p>\n\n\n\n<h2 class=\"wp-block-heading\">KINDER BIS 8 JAHRE WEIBLICH<\/h2>\n\n\n\n<p class=\"has-normal-font-size\">1. Tia Hetzheim &#8211;&gt; 1.150 m<br>2. Pia Ella Lang &#8211;&gt; 600 m<br>3. Laya Joy Fleck &#8211;&gt; 500 m<\/p>\n\n\n\n<h2 class=\"wp-block-heading\">KINDER BIS 12 JAHRE M\u00c4NNLICH<\/h2>\n\n\n\n<p class=\"has-normal-font-size\">1. Sascha Baumann &#8211;&gt; 9.750 m<br>2. Jacob Simon &#8211;&gt; 6.500 m<br>3. Philip Ackermann &#8211;&gt; 5.500 m<\/p>\n\n\n\n<h2 class=\"wp-block-heading\">KINDER BIS 12 JAHRE WEIBLICH<\/h2>\n\n\n\n<p class=\"has-normal-font-size\">1. Greta Bastubbe &#8211;&gt; 50.000 m<br>2. Noemi Lesser &#8211;&gt; 24.600 m<br>3. Zoe Elina G\u00f6bel &#8211;&gt; 7.000 m<\/p>\n\n\n\n<h2 class=\"wp-block-heading\">J\u00dcNSTER TEILNEHMER<\/h2>\n\n\n\n<p class=\"has-normal-font-size\">1. Lasse Keller; Johann Witting; Elina Hetzheim<br>(alle geb. 2015)<\/p>\n\n\n\n<h2 class=\"wp-block-heading\">\u00c4LTESTER TEILNEHMER<\/h2>\n\n\n\n<p class=\"has-normal-font-size\">1. Eberhard Schulze (geb. 1935)<\/p>\n<\/div><\/div>\n\n\n\n<div class=\"wp-block-kadence-tab kt-tab-inner-content kt-inner-tab-8 kt-inner-tab6a92c7-fd\"><div class=\"kt-tab-inner-content-inner\">\n<figure class=\"wp-block-image size-large\"><img loading=\"lazy\" decoding=\"async\" width=\"580\" height=\"385\" src=\"http:\/\/2020.24-stunden-schwimmen.de\/wp-content\/uploads\/2021\/05\/24h_2019.jpg\" alt=\"\" class=\"wp-image-125\" srcset=\"https:\/\/24-stunden-schwimmen.de\/wp-content\/uploads\/2021\/05\/24h_2019.jpg 580w, https:\/\/24-stunden-schwimmen.de\/wp-content\/uploads\/2021\/05\/24h_2019-300x199.jpg 300w\" sizes=\"auto, (max-width: 580px) 100vw, 580px\" \/><\/figure>\n\n\n\n<h2 class=\"wp-block-heading\">22. MEININGER 24-STUNDEN-SCHWIMMEN<\/h2>\n\n\n\n<p class=\"has-normal-font-size\"><strong>6. und 7. Juli 2019<\/strong><\/p>\n\n\n\n<h2 class=\"wp-block-heading\">GESAMTWEITE<\/h2>\n\n\n\n<p class=\"has-normal-font-size\"><strong>2.773,40 km<\/strong><\/p>\n\n\n\n<h2 class=\"wp-block-heading\">TEILNEHMER<\/h2>\n\n\n\n<p class=\"has-normal-font-size\">563<\/p>\n\n\n\n<h2 class=\"wp-block-heading\">BESTER SCHWIMMER<\/h2>\n\n\n\n<p class=\"has-normal-font-size\"><strong>1. Chris Pascal Hoffmann &#8211;&gt; 82.000 m<\/strong><br><strong>(Deutscher Rekord!)<\/strong><br>2. Christian Richter &#8211;&gt; 63.000 m<br>3. Steffen Buck &#8211;&gt; 62.400 m<\/p>\n\n\n\n<h2 class=\"wp-block-heading\">BESTE SCHWIMMERIN<\/h2>\n\n\n\n<p class=\"has-normal-font-size\">1. Vera Niemeyer &#8211;&gt; 46.200 m<br>2. Anja Gottschalk &#8211;&gt; 43.000 m<br>3. Tatjana Egerland &#8211;&gt; 35.900 m<\/p>\n\n\n\n<h2 class=\"wp-block-heading\">KINDER BIS 8 JAHRE M\u00c4NNLICH<\/h2>\n\n\n\n<p class=\"has-normal-font-size\">1. Phileas J\u00f6rges &#8211;&gt; 3.100 m<br>2. Bjarne Schmidt &#8211;&gt; 2.500 m<br>3. Jakob Ansch\u00fctz &#8211;&gt; 2.500 m<\/p>\n\n\n\n<h2 class=\"wp-block-heading\">KINDER BIS 8 JAHRE WEIBLICH<\/h2>\n\n\n\n<p class=\"has-normal-font-size\">1. Elisa Leubecher &#8211;&gt; 5.200 m<br>2. Laya-Jay Fleck &#8211;&gt; 5.100 m<br>3. Elisabeth Dummer &#8211;&gt; 4.800 m<\/p>\n\n\n\n<h2 class=\"wp-block-heading\">KINDER BIS 12 JAHRE M\u00c4NNLICH<\/h2>\n\n\n\n<p class=\"has-normal-font-size\">1. Wilhelm Richert &#8211;&gt; 33.500 m<br>2. Finn Strecker &#8211;&gt; 19.050 m<br>3. Alexander Muhle &#8211;&gt; 16.100 m<\/p>\n\n\n\n<h2 class=\"wp-block-heading\">KINDER BIS 12 JAHRE WEIBLICH<\/h2>\n\n\n\n<p class=\"has-normal-font-size\">1. Emma Semisch &#8211;&gt; 14.300 m<br>2. Leonie Greis &#8211;&gt; 12.500 m<br>3. Anna Helene Richter &#8211;&gt; 12.000 m<\/p>\n\n\n\n<h2 class=\"wp-block-heading\">GRUPPENPOKAL<\/h2>\n\n\n\n<p class=\"has-normal-font-size\">1. Warmduscher 36 Grad &#8211;&gt; 48.280 m<br>2. Die Sprinter &#8211;&gt; 28.600 m<br>3. Warmduscher 40 Grad &#8211;&gt; 14.418 m<\/p>\n\n\n\n<p class=\"has-small-font-size\">Erstmalig im Jahr 2016 wurde der Wertungsmodus umgestellt auf die durchschnittliche Leistung der zum Team geh\u00f6renden Schwimmer.<\/p>\n\n\n\n<h2 class=\"wp-block-heading\">NACHTPOKAL<\/h2>\n\n\n\n<p class=\"has-normal-font-size\">1. Steffen Willms &#8211;&gt; 8.100 m<br>2. Henryk Raffler &#8211;&gt; 6.500 m<br>3. Steffen Buck &#8211;&gt; 6.250 m<\/p>\n\n\n\n<h2 class=\"wp-block-heading\">BESTER VEREIN<\/h2>\n\n\n\n<p class=\"has-normal-font-size\">1. SV &#8222;Wasserfreunde&#8220; Meiningen e.V. &#8211;&gt; 436.550 m<br>2. DRK Wasserwacht Suhl &#8211;&gt; 241.900 m<br>3. WSG Jena Lobeda &#8211;&gt; 177.300 m<\/p>\n\n\n\n<h2 class=\"wp-block-heading\">BESTE FAMILIE<\/h2>\n\n\n\n<p class=\"has-normal-font-size\">Noch in Kl\u00e4rung<\/p>\n\n\n\n<h2 class=\"wp-block-heading\">J\u00dcNSTE\/r TEILNEHMER\/in<\/h2>\n\n\n\n<p class=\"has-normal-font-size\">1. Emma Mittenzwei (5 Jahre)<\/p>\n\n\n\n<h2 class=\"wp-block-heading\">\u00c4LTESTE\/r TEILNEHMER\/in<\/h2>\n\n\n\n<p class=\"has-normal-font-size\">1. Klaus Wegner (81 Jahre)<\/p>\n<\/div><\/div>\n\n\n\n<div class=\"wp-block-kadence-tab kt-tab-inner-content kt-inner-tab-9 kt-inner-tabb2af6c-3b\"><div class=\"kt-tab-inner-content-inner\">\n<figure class=\"wp-block-image size-large\"><img loading=\"lazy\" decoding=\"async\" width=\"580\" height=\"385\" src=\"http:\/\/2020.24-stunden-schwimmen.de\/wp-content\/uploads\/2021\/05\/24h_2018.jpg\" alt=\"\" class=\"wp-image-123\" srcset=\"https:\/\/24-stunden-schwimmen.de\/wp-content\/uploads\/2021\/05\/24h_2018.jpg 580w, https:\/\/24-stunden-schwimmen.de\/wp-content\/uploads\/2021\/05\/24h_2018-300x199.jpg 300w\" sizes=\"auto, (max-width: 580px) 100vw, 580px\" \/><\/figure>\n\n\n\n<h2 class=\"wp-block-heading\">21. MEININGER 24-STUNDEN-SCHWIMMEN<\/h2>\n\n\n\n<p class=\"has-normal-font-size\"><strong>30. Juni und 1. Juli 2018<\/strong><\/p>\n\n\n\n<h2 class=\"wp-block-heading\">GESAMTWEITE<\/h2>\n\n\n\n<p class=\"has-normal-font-size\"><strong>2.827,05 km<\/strong><\/p>\n\n\n\n<h2 class=\"wp-block-heading\">TEILNEHMER<\/h2>\n\n\n\n<p class=\"has-normal-font-size\">572<\/p>\n\n\n\n<h2 class=\"wp-block-heading\">BESTER SCHWIMMER<\/h2>\n\n\n\n<p class=\"has-normal-font-size\">1. Chris Pascal Hoffmann &#8211;&gt; 52.000 m<br>2. Guy Bertemes &#8211;&gt; 49.950 m<br>3. Sandro Herbst &#8211;&gt; 47.850 m<\/p>\n\n\n\n<h2 class=\"wp-block-heading\">BESTE SCHWIMMERIN<\/h2>\n\n\n\n<p class=\"has-normal-font-size\">1. Anne Hembd &#8211;&gt; 53.000 m<br>2. Karen Denni &#8211;&gt; 52.350 m<br>3. Antonia Saft &#8211;&gt; 42.200 m<\/p>\n\n\n\n<h2 class=\"wp-block-heading\">KINDER BIS 8 JAHRE M\u00c4NNLICH<\/h2>\n\n\n\n<p class=\"has-normal-font-size\">1. Paul Hammer &#8211;&gt; 900 m<br>2. Joel Heller &#8211;&gt; 500 m<br>2. Lion Freund &#8211;&gt; 500 m<br>2. Alwin Kappel &#8211;&gt; 500 m<br>2. Finn Wichert &#8211;&gt; 500 m<br>2. Richard Bohn &#8211;&gt; 500 m<br>2. Nils Moszner &#8211;&gt; 500 m<\/p>\n\n\n\n<h2 class=\"wp-block-heading\">KINDER BIS 8 JAHRE WEIBLICH<\/h2>\n\n\n\n<p class=\"has-normal-font-size\">1. Laya-Jay Fleck &#8211;&gt; 4.100 m<br>2. Antonia Plew &#8211;&gt; 1.400 m<br>3. Finja Chayenne Hoffmann &#8211;&gt; 1.300 m<br>3. Marike Nuhn &#8211;&gt; 1.300 m<br>3. Marlene Goldau &#8211;&gt; 1.300 m<\/p>\n\n\n\n<h2 class=\"wp-block-heading\">KINDER BIS 12 JAHRE M\u00c4NNLICH<\/h2>\n\n\n\n<p class=\"has-normal-font-size\">1. Philipp H\u00fcther &#8211;&gt; 12.000 m<br>1. Alexander Muhle &#8211;&gt; 12.000 m<br>3. Gustav H\u00fcther &#8211;&gt; 8.500 m<\/p>\n\n\n\n<h2 class=\"wp-block-heading\">KINDER BIS 12 JAHRE WEIBLICH<\/h2>\n\n\n\n<p class=\"has-normal-font-size\">1. Emma Semisch &#8211;&gt; 9.300 m<br>2. Fanny Mey &#8211;&gt; 7.800 m<br>3. Leonie Greis &#8211;&gt; 7.000 m<\/p>\n\n\n\n<h2 class=\"wp-block-heading\">GRUPPENPOKAL<\/h2>\n\n\n\n<p class=\"has-normal-font-size\">1. Warmduscher 1 &#8211;&gt; 44.660 m<br>2. Best of Dinslaken &#8211;&gt; 15.469 m<br>3. Warmduscher 2 &#8211;&gt; 12.341 m<\/p>\n\n\n\n<p class=\"has-small-font-size\">Erstmalig im Jahr 2016 wurde der Wertungsmodus umgestellt auf die durchschnittliche Leistung der zum Team geh\u00f6renden Schwimmer.<\/p>\n\n\n\n<h2 class=\"wp-block-heading\">NACHTPOKAL<\/h2>\n\n\n\n<p class=\"has-normal-font-size\">1. Nils Buck &#8211;&gt; 7.000 m<br>2. Tina Schwabe &#8211;&gt; 6.800 m<br>3. Steffen Buck &#8211;&gt; 6.600 m<\/p>\n\n\n\n<h2 class=\"wp-block-heading\">BESTER VEREIN<\/h2>\n\n\n\n<p class=\"has-normal-font-size\">1. SV &#8222;Wasserfreunde&#8220; Meiningen e.V. &#8211;&gt; 402.650 m<br>2. WSG Jena Lobeda &#8211;&gt; 322.250 m<br>3. DRK Wasserwacht Suhl &#8211;&gt; 291.950 m<\/p>\n\n\n\n<h2 class=\"wp-block-heading\">BESTE FAMILIE<\/h2>\n\n\n\n<p class=\"has-normal-font-size\">1. Hanft, Marco &#8211;&gt; 110.150 m<br>2. Swim-Team Fam. Bangert &#8211;&gt; 106.050 m<br>3. Buck, Steffen &#8211;&gt; 103.700 m<\/p>\n\n\n\n<h2 class=\"wp-block-heading\">J\u00dcNSTE\/r TEILNEHMER\/in<\/h2>\n\n\n\n<p class=\"has-normal-font-size\">1. Emma Mittenzwei (4 Jahre)<\/p>\n\n\n\n<h2 class=\"wp-block-heading\">\u00c4LTESTE\/r TEILNEHMER\/in<\/h2>\n\n\n\n<p class=\"has-normal-font-size\">1. Klaus Wegner (80 Jahre)<\/p>\n<\/div><\/div>\n\n\n\n<div class=\"wp-block-kadence-tab kt-tab-inner-content kt-inner-tab-10 kt-inner-tabf6b264-32\"><div class=\"kt-tab-inner-content-inner\">\n<figure class=\"wp-block-image size-large\"><img loading=\"lazy\" decoding=\"async\" width=\"580\" height=\"388\" src=\"http:\/\/2020.24-stunden-schwimmen.de\/wp-content\/uploads\/2021\/05\/24h_2017.jpg\" alt=\"\" class=\"wp-image-131\" srcset=\"https:\/\/24-stunden-schwimmen.de\/wp-content\/uploads\/2021\/05\/24h_2017.jpg 580w, https:\/\/24-stunden-schwimmen.de\/wp-content\/uploads\/2021\/05\/24h_2017-300x201.jpg 300w\" sizes=\"auto, (max-width: 580px) 100vw, 580px\" \/><\/figure>\n\n\n\n<h2 class=\"wp-block-heading\">20. MEININGER 24-STUNDEN-SCHWIMMEN<\/h2>\n\n\n\n<p class=\"has-normal-font-size\"><strong>24. und 25. Juni 2017<\/strong><\/p>\n\n\n\n<h2 class=\"wp-block-heading\">GESAMTWEITE<\/h2>\n\n\n\n<p class=\"has-normal-font-size\"><strong>3.262,300&nbsp;km<\/strong><\/p>\n\n\n\n<h2 class=\"wp-block-heading\">TEILNEHMER<\/h2>\n\n\n\n<p class=\"has-normal-font-size\">673<\/p>\n\n\n\n<h2 class=\"wp-block-heading\">BESTER SCHWIMMER<\/h2>\n\n\n\n<p class=\"has-normal-font-size\">1. Candy Jack Hoffmann &#8211;&gt; 51.000 m<br>2. Lukas B\u00fccker &#8211;&gt; 47.000 m<br>3. Stefan G\u00f6ritzer &#8211;&gt; 46.100 m<\/p>\n\n\n\n<h2 class=\"wp-block-heading\">BESTE SCHWIMMERIN<\/h2>\n\n\n\n<p><strong>1. Vera Niemeyer &#8211;&gt; 96.300 m WELTREKORD!!!<\/strong><br>2. Anne Hembd &#8211;&gt; 60.000 m<br>3. Lea Torkler &#8211;&gt; 54.000 m<\/p>\n\n\n\n<h2 class=\"wp-block-heading\">KINDER BIS 8 JAHRE M\u00c4NNLICH<\/h2>\n\n\n\n<p class=\"has-normal-font-size\">1. Georgios Sardelis &#8211;&gt; 3.400 m<br>2. Jan Eckardt &#8211;&gt; 1.000 m<br>2. Henri Schmidt &#8211;&gt; 1.000 m<\/p>\n\n\n\n<h2 class=\"wp-block-heading\">KINDER BIS 8 JAHRE WEIBLICH<\/h2>\n\n\n\n<p class=\"has-normal-font-size\">1. Romy Wald &#8211;&gt; 3.500 m<br>2. Leni Friedrich &#8211;&gt; 3.000 m<br>3. Zoe G\u00f6bel &#8211;&gt; 1.200 m<\/p>\n\n\n\n<h2 class=\"wp-block-heading\">KINDER BIS 12 JAHRE M\u00c4NNLICH<\/h2>\n\n\n\n<p class=\"has-normal-font-size\">1. Robert Reichel &#8211;&gt; 13.300 m<br>2. Simon Semmler &#8211;&gt; 10.200 m<br>3. Paul Kleemann &#8211;&gt; 10.000 m<br>3. Nils Andrae &#8211;&gt; 10.000 m<\/p>\n\n\n\n<h2 class=\"wp-block-heading\">KINDER BIS 12 JAHRE WEIBLICH<\/h2>\n\n\n\n<p class=\"has-normal-font-size\"><strong>1. Tatjana Egerland &#8211;&gt; 24.800 m REKORD!<\/strong><br>2. Julia Lieske &#8211;&gt; 16.000 m<br>3. Hanna Baier &#8211;&gt; 13.000 m<\/p>\n\n\n\n<h2 class=\"wp-block-heading\">GRUPPENPOKAL<\/h2>\n\n\n\n<p class=\"has-normal-font-size\"><strong>1. Kraulquappen &#8211;&gt; 48.580 m REKORD!<\/strong><br>2. Team Warmduscher 1 &#8211;&gt; 38.360 m<br>3. Team Warmduscher 2 &#8211;&gt; 21.740 m<\/p>\n\n\n\n<p class=\"has-small-font-size\">Erstmalig im Jahr 2016 wurde der Wertungsmodus umgestellt auf die durchschnittliche Leistung der zum Team geh\u00f6renden Schwimmer.<\/p>\n\n\n\n<h2 class=\"wp-block-heading\">NACHTPOKAL<\/h2>\n\n\n\n<p class=\"has-normal-font-size\"><strong>1. Chris Pascal Hoffmann &#8211;&gt; 9.400 m REKORD!<\/strong><br>2. Vera Niemeyer &#8211;&gt; 7.650 m<br>3. Florian R\u00f6hrig &#8211;&gt; 6.600 m<\/p>\n\n\n\n<h2 class=\"wp-block-heading\">BESTER VEREIN<\/h2>\n\n\n\n<p class=\"has-normal-font-size\">1. SV &#8222;Wasserfreunde&#8220; Meiningen e.V. &#8211;&gt; 493.300 m<br>2. DRK Wasserwacht Suhl &#8211;&gt; 365.600 m<br>3. Euregio Swim Team &#8211;&gt; 246.600 m<\/p>\n\n\n\n<h2 class=\"wp-block-heading\">BESTE FAMILIE<\/h2>\n\n\n\n<p class=\"has-normal-font-size\">1. Hoffmann, Dieter &#8211;&gt; 106.500 m<br>2. Hoffmann, Antje &#8211;&gt; 85.800 m<br>3. Buck, Steffen &#8211;&gt; 63.700 m<\/p>\n\n\n\n<h2 class=\"wp-block-heading\">J\u00dcNSTE\/r TEILNEHMER\/in<\/h2>\n\n\n\n<p class=\"has-normal-font-size\">1. Bruno Schneider (4 Jahre)<\/p>\n\n\n\n<h2 class=\"wp-block-heading\">\u00c4LTESTE\/r TEILNEHMER\/in<\/h2>\n\n\n\n<p class=\"has-normal-font-size\">1. Klaus Wegner (79 Jahre)<\/p>\n<\/div><\/div>\n\n\n\n<div class=\"wp-block-kadence-tab kt-tab-inner-content kt-inner-tab-11 kt-inner-tabd82350-19\"><div class=\"kt-tab-inner-content-inner\">\n<figure class=\"wp-block-image size-large\"><img loading=\"lazy\" decoding=\"async\" width=\"1024\" height=\"713\" src=\"http:\/\/2020.24-stunden-schwimmen.de\/wp-content\/uploads\/2021\/05\/24h_2016-1024x713.jpg\" alt=\"\" class=\"wp-image-134\" srcset=\"https:\/\/24-stunden-schwimmen.de\/wp-content\/uploads\/2021\/05\/24h_2016-1024x713.jpg 1024w, https:\/\/24-stunden-schwimmen.de\/wp-content\/uploads\/2021\/05\/24h_2016-300x209.jpg 300w, https:\/\/24-stunden-schwimmen.de\/wp-content\/uploads\/2021\/05\/24h_2016-768x535.jpg 768w, https:\/\/24-stunden-schwimmen.de\/wp-content\/uploads\/2021\/05\/24h_2016.jpg 1034w\" sizes=\"auto, (max-width: 1024px) 100vw, 1024px\" \/><\/figure>\n\n\n\n<p>25.-26. Juni 2016<\/p>\n\n\n\n<p>19. MEININGER 24-STUNDEN-SCHWIMMEN<\/p>\n\n\n\n<h2 class=\"wp-block-heading\">GESAMTWEITE<\/h2>\n\n\n\n<p class=\"has-normal-font-size\"><strong>2.858,350 km<\/strong><\/p>\n\n\n\n<h2 class=\"wp-block-heading\">TEILNEHMER<\/h2>\n\n\n\n<p class=\"has-normal-font-size\">644<\/p>\n\n\n\n<h2 class=\"wp-block-heading\">BESTER SCHWIMMER<\/h2>\n\n\n\n<p class=\"has-normal-font-size\">1. Candy Jack Hoffmann &#8211;&gt; 50.950 m<br>2. Stefan G\u00f6ritzer &#8211;&gt; 43.500 m<br>3. Robert Richert &#8211;&gt; 42.200 m<\/p>\n\n\n\n<h2 class=\"wp-block-heading\">BESTE SCHWIMMERIN<\/h2>\n\n\n\n<p class=\"has-normal-font-size\">1. Anne Hembd &#8211;&gt; 57.000 m&nbsp;<strong>REKORD<br><\/strong>2. Karen Denni &#8211;&gt; 45.000 m<br>3. Lea Torkler &#8211;&gt; 37.000 m<\/p>\n\n\n\n<h2 class=\"wp-block-heading\">KINDER BIS 8 JAHRE M\u00c4NNLICH<\/h2>\n\n\n\n<p class=\"has-normal-font-size\">1. Adrian Schepua &#8211;&gt; 3.000m<br>2. Vincent Allar &#8211;&gt;900m<br>3. Karl Kendzia &#8211;&gt;850m<\/p>\n\n\n\n<h2 class=\"wp-block-heading\">KINDER BIS 8 JAHRE WEIBLICH<\/h2>\n\n\n\n<p class=\"has-normal-font-size\">1. Milane July Zellin &#8211;&gt;4.000m<br>2. Leni Friedrich &#8211;&gt;2.000m<br>3. Josefine L\u00fcck &#8211;&gt;1.000m<\/p>\n\n\n\n<h2 class=\"wp-block-heading\">KINDER BIS 12 JAHRE M\u00c4NNLICH<\/h2>\n\n\n\n<p class=\"has-normal-font-size\">1. Fabian Sefrin &#8211;&gt; 16.100 m<br>2. Lukas Sefrin &#8211;&gt; 12.300 m<br>3. Mika Bareis &#8211;&gt; 12.000 m<\/p>\n\n\n\n<h2 class=\"wp-block-heading\">KINDER BIS 12 JAHRE WEIBLICH<\/h2>\n\n\n\n<p class=\"has-normal-font-size\">1. Tatjana Egerland &#8211;&gt; 18.600 m<br>2. Cora Heidenreich &#8211;&gt; 16.850 m<br>3. Luise Richert &#8211;&gt; 15.000 m<\/p>\n\n\n\n<h2 class=\"wp-block-heading\">GRUPPENPOKAL<\/h2>\n\n\n\n<p class=\"has-normal-font-size\">1. Team Warmduscher 1 &#8211;&gt; 33.783,33 m<br>2. Bosch Rexroth &#8211;&gt; 32.290,00 m<br>3. Team Warmduscher 2 &#8211;&gt; 14.506,25 m<\/p>\n\n\n\n<p class=\"has-small-font-size\">Erstmalig in diesem Jahr wurde der Wertungsmodus umgestellt auf die durchschnittliche Leistung der zum Team geh\u00f6renden Schwimmer.<\/p>\n\n\n\n<h2 class=\"wp-block-heading\">NACHTPOKAL<\/h2>\n\n\n\n<p class=\"has-normal-font-size\">1. Tiberius Molnar &#8211;&gt; 7.300 m<br>2. Sebastian Fiedler &#8211;&gt; 6.300 m<br>3. Anne Hembd &#8211;&gt; 5.350 m<\/p>\n\n\n\n<h2 class=\"wp-block-heading\">BESTER VEREIN<\/h2>\n\n\n\n<p class=\"has-normal-font-size\">1. SV Wasserfreunde Meiningen &#8211;&gt; 471.900 m<br>2. Wasserwacht Suhl &#8211;&gt; 326.050 m<br>3. WSG Jena Lobeda &#8211;&gt; 138.550 m<\/p>\n\n\n\n<h2 class=\"wp-block-heading\">BESTE FAMILIE<\/h2>\n\n\n\n<p class=\"has-normal-font-size\">1. Fam. Antje Hoffmann &#8211;&gt; 110.450 m<br>2. Fam. Robert Richert &#8211;&gt; 102.200 m<br>3. Fam. Steffen Haack &#8211;&gt; 102.000 m<\/p>\n\n\n\n<h2 class=\"wp-block-heading\">J\u00dcNSTE\/r TEILNEHMER\/in<\/h2>\n\n\n\n<p class=\"has-normal-font-size\">1. Bruno Schneider (3 Jahre)<\/p>\n\n\n\n<h2 class=\"wp-block-heading\">\u00c4LTESTE\/r TEILNEHMER\/in<\/h2>\n\n\n\n<p class=\"has-normal-font-size\">1. Hans-J\u00f6rg Tretropp (90 Jahre)<\/p>\n<\/div><\/div>\n\n\n\n<div class=\"wp-block-kadence-tab kt-tab-inner-content kt-inner-tab-12 kt-inner-taba2a621-3f\"><div class=\"kt-tab-inner-content-inner\">\n<figure class=\"wp-block-image size-large\"><img loading=\"lazy\" decoding=\"async\" width=\"1024\" height=\"768\" src=\"http:\/\/2020.24-stunden-schwimmen.de\/wp-content\/uploads\/2021\/05\/24h_2015-1024x768.jpg\" alt=\"\" class=\"wp-image-137\" srcset=\"https:\/\/24-stunden-schwimmen.de\/wp-content\/uploads\/2021\/05\/24h_2015-1024x768.jpg 1024w, https:\/\/24-stunden-schwimmen.de\/wp-content\/uploads\/2021\/05\/24h_2015-300x225.jpg 300w, https:\/\/24-stunden-schwimmen.de\/wp-content\/uploads\/2021\/05\/24h_2015-768x576.jpg 768w, https:\/\/24-stunden-schwimmen.de\/wp-content\/uploads\/2021\/05\/24h_2015.jpg 1417w\" sizes=\"auto, (max-width: 1024px) 100vw, 1024px\" \/><\/figure>\n\n\n\n<h1 class=\"wp-block-heading\">27.-28. Juni 2015<\/h1>\n\n\n\n<h2 class=\"wp-block-heading has-normal-font-size\">18. MEININGER 24-STUNDEN-SCHWIMMEN<\/h2>\n\n\n\n<h2 class=\"wp-block-heading\">GESAMTWEITE<\/h2>\n\n\n\n<p class=\"has-normal-font-size\"><strong>3.251,200 km<\/strong><\/p>\n\n\n\n<h2 class=\"wp-block-heading\">TEILNEHMER<\/h2>\n\n\n\n<p class=\"has-normal-font-size\">588<\/p>\n\n\n\n<h2 class=\"wp-block-heading\">BESTER SCHWIMMER<\/h2>\n\n\n\n<p class=\"has-normal-font-size\">1. Chris Pascal Hoffmann &#8211;&gt; 76.000 m<br><strong>Deutscher Rekord<\/strong><br>2. Candy Jack Hoffmann &#8211;&gt; 45.050 m<br>3. Philipp Jarkusch &#8211;&gt; 42.200 m<\/p>\n\n\n\n<h2 class=\"wp-block-heading\">BESTE SCHWIMMERIN<\/h2>\n\n\n\n<p class=\"has-normal-font-size\">1. Anne Hembd &#8211;&gt; 53.700 m&nbsp;<strong>Rekord<\/strong><br>2. Carina Wie\u00dfmeier &#8211;&gt; 47.300 m<br>3. Franziska Schwarzkopf &#8211;&gt; 47.200 m<\/p>\n\n\n\n<h2 class=\"wp-block-heading\">KINDER BIS 8 JAHRE M\u00c4NNLICH<\/h2>\n\n\n\n<p class=\"has-normal-font-size\">1. Julius Pasch &#8211;&gt; 4.000 m<br>2. Leon Bauerschmidt &#8211;&gt; 3.200 m<br>3. Levi Reckwell &#8211;&gt; 3.100 m<\/p>\n\n\n\n<h2 class=\"wp-block-heading\">KINDER BIS 8 JAHRE WEIBLICH<\/h2>\n\n\n\n<p class=\"has-normal-font-size\">1. Milan July Zellin &#8211;&gt; 3.400 m<br>2. Svea J\u00f6rges &#8211;&gt; 3.200 m<br>3. Jula Gr\u00f6tschel &#8211;&gt; 3.000 m<\/p>\n\n\n\n<h2 class=\"wp-block-heading\">KINDER BIS 12 JAHRE M\u00c4NNLICH<\/h2>\n\n\n\n<p class=\"has-normal-font-size\">1. Noah Kretsch &#8211;&gt; 22.350 m<br>2. Cedric-Kaylen Reichelt &#8211;&gt; 16.250 m<br>3. Hannes Westh\u00e4user &#8211;&gt; 10.550 m<\/p>\n\n\n\n<h2 class=\"wp-block-heading\">KINDER BIS 12 JAHRE WEIBLICH<\/h2>\n\n\n\n<p class=\"has-normal-font-size\">1. Theresa Semmler &#8211;&gt; 18.150 m<br>2. Tatjana Egerland &#8211;&gt; 15.600 m<br>3. Hanna Baier &#8211;&gt; 11.100 m<\/p>\n\n\n\n<h2 class=\"wp-block-heading\">FIRMENPOKAL<\/h2>\n\n\n\n<p class=\"has-normal-font-size\">1. Bosch Rexroth AG &#8211;&gt; 208.100 m&nbsp;<strong>Rekord<\/strong><br>2. Stadtwerke Meiningen &#8211;&gt; 120.550 m<br>3. ProActiv &#8211;&gt; 83.250 m<\/p>\n\n\n\n<h2 class=\"wp-block-heading\">NACHTPOKAL<\/h2>\n\n\n\n<p class=\"has-normal-font-size\">1. Marvin Eck &#8211;&gt; 9.000 m&nbsp;<strong>Rekord<\/strong><br>2. Anne Hembd &#8211;&gt; 6.500 m<br>3. Yvonne Jakob &#8211;&gt; 5.800 m<\/p>\n\n\n\n<h2 class=\"wp-block-heading\">BESTER VEREIN<\/h2>\n\n\n\n<p class=\"has-normal-font-size\">1. Wasserwacht Th\u00fcringen &#8211;&gt; 783.650 m&nbsp;<strong>Rekord<\/strong><br>2. SV Wasserfreunde Meiningen &#8211;&gt; 537.750 m<br>3. SV Ulsterwelle Hilders &#8211;&gt; 342.850 m<\/p>\n\n\n\n<h2 class=\"wp-block-heading\">BESTE FAMILIE<\/h2>\n\n\n\n<p class=\"has-normal-font-size\">1. Fam. Peter Hoffmann &#8211;&gt; 152.650 m&nbsp;<strong>Rekord<\/strong><br>2. Fam. Steffen Haak &#8211;&gt; 92.700 m<br>3. Fam. Markus Egerland &#8211;&gt; 45.600 m<\/p>\n\n\n\n<h2 class=\"wp-block-heading\">J\u00dcNSTE\/r TEILNEHMER\/in<\/h2>\n\n\n\n<p class=\"has-normal-font-size\">1. Marius Gutmann (5 Jahre)<\/p>\n\n\n\n<h2 class=\"wp-block-heading\">\u00c4LTESTE\/r TEILNEHMER\/in<\/h2>\n\n\n\n<p class=\"has-normal-font-size\">1. Hans-J\u00f6rg Tretropp (89 Jahre)<\/p>\n<\/div><\/div>\n\n\n\n<div class=\"wp-block-kadence-tab kt-tab-inner-content kt-inner-tab-13 kt-inner-tabd5822d-d0\"><div class=\"kt-tab-inner-content-inner\">\n<figure class=\"wp-block-image size-large\"><img loading=\"lazy\" decoding=\"async\" width=\"945\" height=\"633\" src=\"http:\/\/2020.24-stunden-schwimmen.de\/wp-content\/uploads\/2021\/05\/24h_2014.jpg\" alt=\"\" class=\"wp-image-140\" srcset=\"https:\/\/24-stunden-schwimmen.de\/wp-content\/uploads\/2021\/05\/24h_2014.jpg 945w, https:\/\/24-stunden-schwimmen.de\/wp-content\/uploads\/2021\/05\/24h_2014-300x201.jpg 300w, https:\/\/24-stunden-schwimmen.de\/wp-content\/uploads\/2021\/05\/24h_2014-768x514.jpg 768w\" sizes=\"auto, (max-width: 945px) 100vw, 945px\" \/><\/figure>\n\n\n\n<h1 class=\"wp-block-heading\">19.-20. Juli 2014<\/h1>\n\n\n\n<h2 class=\"wp-block-heading has-normal-font-size\">17. MEININGER 24-STUNDEN-SCHWIMMEN<\/h2>\n\n\n\n<h2 class=\"wp-block-heading\">GESAMTWEITE<\/h2>\n\n\n\n<p class=\"has-normal-font-size\"><strong>2.663,55 km<\/strong><\/p>\n\n\n\n<h2 class=\"wp-block-heading\">TEILNEHMER<\/h2>\n\n\n\n<p class=\"has-normal-font-size\">587<\/p>\n\n\n\n<h2 class=\"wp-block-heading\">BESTER SCHWIMMER<\/h2>\n\n\n\n<p class=\"has-normal-font-size\">1. Chris Pascal Hoffmann &#8211;&gt; 50.000 m<br>2. Kay Franz &#8211;&gt; 46.400 m<br>3. Steve Schleitzer &#8211;&gt; 45.850 m<\/p>\n\n\n\n<h2 class=\"wp-block-heading\">BESTE SCHWIMMERIN<\/h2>\n\n\n\n<p class=\"has-normal-font-size\">1. Franziska Schwarzkopf &#8211;&gt; 50.550 m<br>2. Ina Goe\u00dfmann &#8211;&gt; 40.000 m<br>3. Antje Hoffmann &#8211;&gt; 32.450 m<\/p>\n\n\n\n<h2 class=\"wp-block-heading\">KINDER BIS 8 JAHRE M\u00c4NNLICH<\/h2>\n\n\n\n<p class=\"has-normal-font-size\">1. Leonardo Reith &#8211;&gt; 9.300 m<br>2. Theo Westh\u00e4user &#8211;&gt; 6.200 m<br>3. Levi Reckwell &#8211;&gt; 2.200 m<\/p>\n\n\n\n<h2 class=\"wp-block-heading\">KINDER BIS 8 JAHRE WEIBLICH<\/h2>\n\n\n\n<p class=\"has-normal-font-size\">1. Annika Zeisberg &#8211;&gt; 4.000 m<br>2. Svea J\u00f6rges &#8211;&gt; 2.100 m<br>3. Sina Westh\u00e4user &#8211;&gt; 2.000 m<\/p>\n\n\n\n<h2 class=\"wp-block-heading\">KINDER BIS 12 JAHRE M\u00c4NNLICH<\/h2>\n\n\n\n<p class=\"has-normal-font-size\">1. Candy Jack Hoffmann &#8211;&gt; 33.300 m<br>2. Hannes Westh\u00e4user &#8211;&gt; 16.900 m<br>3. Maximilian Th\u00fcrmer &#8211;&gt; 10.100 m<\/p>\n\n\n\n<h2 class=\"wp-block-heading\">KINDER BIS 12 JAHRE WEIBLICH<\/h2>\n\n\n\n<p class=\"has-normal-font-size\">1. Tatjana Egerland &#8211;&gt; 11.300 m<br>2. Nina Kirchner &#8211;&gt; 10.000 m<br>3. Tabea H\u00f6hl &#8211;&gt; 10.000 m<\/p>\n\n\n\n<h2 class=\"wp-block-heading\">FIRMENPOKAL<\/h2>\n\n\n\n<p class=\"has-normal-font-size\">1. ProActiv &#8211;&gt; 121.800 m<br>2. BMLVS &#8211;&gt; 50.600 m<br>3. POG &#8211;&gt; 36.500 m<\/p>\n\n\n\n<h2 class=\"wp-block-heading\">NACHTPOKAL<\/h2>\n\n\n\n<p class=\"has-normal-font-size\">1. Marvin Eck &#8211;&gt; 7.700 m<br>2. Thomas Frenzel &#8211;&gt; 4.300 m<br>3. Franziska Schwarzkopf &#8211;&gt; 3.600 m<\/p>\n\n\n\n<h2 class=\"wp-block-heading\">BESTER VEREIN<\/h2>\n\n\n\n<p class=\"has-normal-font-size\">1. SV Wasserfreunde Meiningen &#8211;&gt; 342.100 m<br>2. Wasserwacht Suhl &#8211;&gt; 252.050 m<br>3. SV Ulsterwelle Hilders &#8211;&gt; 247.450 m<\/p>\n\n\n\n<h2 class=\"wp-block-heading\">BESTE FAMILIE<\/h2>\n\n\n\n<p class=\"has-normal-font-size\">1. Fam. Peter Hoffmann &#8211;&gt; 123.000 m<br>2. Fam. Steffen Haak &#8211;&gt; 62.500 m<br>3. Fam. Mario Th\u00fcrmer &#8211;&gt; 45.950 m<\/p>\n\n\n\n<h2 class=\"wp-block-heading\">J\u00dcNSTE\/r TEILNEHMER\/in<\/h2>\n\n\n\n<p class=\"has-normal-font-size\">1. Sophie Marie G\u00f6bel (4 Jahre)<\/p>\n\n\n\n<h2 class=\"wp-block-heading\">\u00c4LTESTE\/r TEILNEHMER\/in<\/h2>\n\n\n\n<p class=\"has-normal-font-size\">1. Hans-J\u00f6rg Tretropp (88 Jahre)<\/p>\n<\/div><\/div>\n\n\n\n<div class=\"wp-block-kadence-tab kt-tab-inner-content kt-inner-tab-14 kt-inner-tab8879fd-22\"><div class=\"kt-tab-inner-content-inner\">\n<figure class=\"wp-block-image size-large\"><img loading=\"lazy\" decoding=\"async\" width=\"1024\" height=\"740\" src=\"http:\/\/2020.24-stunden-schwimmen.de\/wp-content\/uploads\/2021\/05\/24h_2013-1024x740.jpg\" alt=\"\" class=\"wp-image-143\" srcset=\"https:\/\/24-stunden-schwimmen.de\/wp-content\/uploads\/2021\/05\/24h_2013-1024x740.jpg 1024w, https:\/\/24-stunden-schwimmen.de\/wp-content\/uploads\/2021\/05\/24h_2013-300x217.jpg 300w, https:\/\/24-stunden-schwimmen.de\/wp-content\/uploads\/2021\/05\/24h_2013-768x555.jpg 768w, https:\/\/24-stunden-schwimmen.de\/wp-content\/uploads\/2021\/05\/24h_2013.jpg 1037w\" sizes=\"auto, (max-width: 1024px) 100vw, 1024px\" \/><\/figure>\n\n\n\n<h1 class=\"wp-block-heading\">13.-14. Juli 2013<\/h1>\n\n\n\n<h2 class=\"wp-block-heading has-normal-font-size\">16. MEININGER 24-STUNDEN-SCHWIMMEN<\/h2>\n\n\n\n<h2 class=\"wp-block-heading\">GESAMTWEITE<\/h2>\n\n\n\n<p class=\"has-normal-font-size\"><strong>3.044,75 km<\/strong><\/p>\n\n\n\n<h2 class=\"wp-block-heading\">TEILNEHMER<\/h2>\n\n\n\n<p class=\"has-normal-font-size\">687<\/p>\n\n\n\n<h2 class=\"wp-block-heading\">BESTER SCHWIMMER<\/h2>\n\n\n\n<p class=\"has-normal-font-size\">1. Chris Pascal Hoffmann &#8211;&gt; 60.600 m<br>2. Robert Richert &#8211;&gt; 54.000 m<br>3. Kay Franz &#8211;&gt; 41.100 m<\/p>\n\n\n\n<h2 class=\"wp-block-heading\">BESTE SCHWIMMERIN<\/h2>\n\n\n\n<p class=\"has-normal-font-size\">1. Franziska Schwarzkopf &#8211;&gt; 43.000 m<br>2. Karen Denni &#8211;&gt; 41.600 m<br>3. Julia Heinbuch &#8211;&gt; 38.500 m<\/p>\n\n\n\n<h2 class=\"wp-block-heading\">KINDER BIS 8 JAHRE M\u00c4NNLICH<\/h2>\n\n\n\n<p class=\"has-normal-font-size\">1. Niklas Hentschke &#8211;&gt; 2.500 m<br>2. Felix Kr\u00e4mer &#8211;&gt; 1.000 m<br>3. Markus Herrmann &#8211;&gt; 800 m<\/p>\n\n\n\n<h2 class=\"wp-block-heading\">KINDER BIS 8 JAHRE WEIBLICH<\/h2>\n\n\n\n<p class=\"has-normal-font-size\">1. Tatjana Egerland &#8211;&gt; 6.400 m<br>2. Tammy Wagner &#8211;&gt; 4.500 m<br>3. Jana Schulze &#8211;&gt; 3.600 m<\/p>\n\n\n\n<h2 class=\"wp-block-heading\">KINDER BIS 12 JAHRE M\u00c4NNLICH<\/h2>\n\n\n\n<p class=\"has-normal-font-size\">1. Candy Jack Hoffmann &#8211;&gt; 20.400 m<br>2. Ruben Simon Fiebich &#8211;&gt; 19.800 m<br>3. Jesse-Pascal He\u00df &#8211;&gt; 15.250 m<\/p>\n\n\n\n<h2 class=\"wp-block-heading\">KINDER BIS 12 JAHRE WEIBLICH<\/h2>\n\n\n\n<p class=\"has-normal-font-size\">1. Angelina St\u00f6\u00dfel &#8211;&gt; 15.000 m<br>2. Jessica K\u00f6nig &#8211;&gt; 10.000 m<br>3. Mareike Koch &#8211;&gt; 9.000 m<\/p>\n\n\n\n<h2 class=\"wp-block-heading\">FIRMENPOKAL<\/h2>\n\n\n\n<p class=\"has-normal-font-size\">1. MdB Jens Petermann &#8211;&gt; 125.900 m<br>2. Gebhardt &amp; Thelen &#8211;&gt; 35.000 m<br>3. Z\u00f6sche\/Gottwald &#8211;&gt; 25.600 m<\/p>\n\n\n\n<h2 class=\"wp-block-heading\">NACHTPOKAL<\/h2>\n\n\n\n<p class=\"has-normal-font-size\">1. Marvin Eck &#8211;&gt; 6.550 m<br>2. Alexander Wei\u00df &#8211;&gt; 6.000 m<br>3. Franziska Schwarzkopf &#8211;&gt; 5.350 m<\/p>\n\n\n\n<h2 class=\"wp-block-heading\">BESTER VEREIN<\/h2>\n\n\n\n<p class=\"has-normal-font-size\">1. SV Wasserfreunde Meiningen &#8211;&gt; 358.650 m<br>2. Wasserwacht Suhl &#8211;&gt; 328.300 m<br>3. SV Ulsterwelle Hilders &#8211;&gt; 242.450 m<\/p>\n\n\n\n<h2 class=\"wp-block-heading\">BESTE FAMILIE<\/h2>\n\n\n\n<p class=\"has-normal-font-size\">1. Fam. Robert Richert &#8211;&gt; 105.000 m<br>2. Fam. Antje Hoffmann &#8211;&gt; 101.000 m<br>3. Fam. Oliver Heinbuch &#8211;&gt; 50.800 m<\/p>\n\n\n\n<h2 class=\"wp-block-heading\">J\u00dcNSTE\/r TEILNEHMER\/in<\/h2>\n\n\n\n<p class=\"has-normal-font-size\">1. Sina Westh\u00e4user (4 Jahre)<\/p>\n\n\n\n<h2 class=\"wp-block-heading\">\u00c4LTESTE\/r TEILNEHMER\/in<\/h2>\n\n\n\n<p class=\"has-normal-font-size\">1. Hans-J\u00f6rg Tretropp (87 Jahre)<\/p>\n<\/div><\/div>\n\n\n\n<div class=\"wp-block-kadence-tab kt-tab-inner-content kt-inner-tab-15 kt-inner-tab7df065-fe\"><div class=\"kt-tab-inner-content-inner\">\n<figure class=\"wp-block-image size-large\"><img loading=\"lazy\" decoding=\"async\" width=\"1024\" height=\"681\" src=\"http:\/\/2020.24-stunden-schwimmen.de\/wp-content\/uploads\/2021\/05\/24h_2012-1024x681.jpg\" alt=\"\" class=\"wp-image-146\" srcset=\"https:\/\/24-stunden-schwimmen.de\/wp-content\/uploads\/2021\/05\/24h_2012-1024x681.jpg 1024w, https:\/\/24-stunden-schwimmen.de\/wp-content\/uploads\/2021\/05\/24h_2012-300x200.jpg 300w, https:\/\/24-stunden-schwimmen.de\/wp-content\/uploads\/2021\/05\/24h_2012-768x511.jpg 768w, https:\/\/24-stunden-schwimmen.de\/wp-content\/uploads\/2021\/05\/24h_2012.jpg 1203w\" sizes=\"auto, (max-width: 1024px) 100vw, 1024px\" \/><\/figure>\n\n\n\n<h1 class=\"wp-block-heading\">21.-22. Juli 2012<\/h1>\n\n\n\n<h2 class=\"wp-block-heading has-normal-font-size\">15. MEININGER 24-STUNDEN-SCHWIMMEN<\/h2>\n\n\n\n<h2 class=\"wp-block-heading\">GESAMTWEITE<\/h2>\n\n\n\n<p class=\"has-normal-font-size\"><strong>2.732,20 km<\/strong><\/p>\n\n\n\n<h2 class=\"wp-block-heading\">TEILNEHMER<\/h2>\n\n\n\n<p class=\"has-normal-font-size\">486<\/p>\n\n\n\n<h2 class=\"wp-block-heading\">BESTER SCHWIMMER<\/h2>\n\n\n\n<p class=\"has-normal-font-size\">1. Hoffmann, Chris Pascal 60,00 km &gt;&gt;&nbsp;<strong>REKORD<\/strong><br>2. M\u00f6bes, Sebastian 45,00 km<br>3. M\u00f6ller, Michael 40,55 km<\/p>\n\n\n\n<h2 class=\"wp-block-heading\">BESTE SCHWIMMERIN<\/h2>\n\n\n\n<p class=\"has-normal-font-size\">1. G\u00f6\u00dfmann, Katja 41, 80 km<br>2. Schwarzkopf, Franziska 33, 25 km<br>3. Langenberger, Anna 31,00 km<br>3. Zajdler, Selina 31,00 km<\/p>\n\n\n\n<h2 class=\"wp-block-heading\">KINDER BIS 8 JAHRE M\u00c4NNLICH<\/h2>\n\n\n\n<p class=\"has-normal-font-size\">1. Hannes Westh\u00e4user &#8211;&gt; 9.450 m<br>2. Luca Haupt &#8211;&gt; 8.100 m<br>3. Janis Teichmann &#8211;&gt; 2.300 m<\/p>\n\n\n\n<h2 class=\"wp-block-heading\">KINDER BIS 8 JAHRE WEIBLICH<\/h2>\n\n\n\n<p class=\"has-normal-font-size\">1. Rosalie Walter &#8211;&gt; 2.700 m<br>2. Simona Bischoff &#8211;&gt; 2.600 m<br>3. Tatjana Egerland &#8211;&gt; 2.500 m<\/p>\n\n\n\n<h2 class=\"wp-block-heading\">KINDER BIS 12 JAHRE M\u00c4NNLICH<\/h2>\n\n\n\n<p class=\"has-normal-font-size\">1. Candy Jack Hoffmann &#8211;&gt; 18.000 m<br>2. Tim Bauerschmidt &#8211;&gt; 9.500 m<br>3. Hannes Westh\u00e4user &#8211;&gt; 9.450 m<\/p>\n\n\n\n<h2 class=\"wp-block-heading\">KINDER BIS 12 JAHRE WEIBLICH<\/h2>\n\n\n\n<p class=\"has-normal-font-size\">1. Sarah Oehring &#8211;&gt; 10.000 m<br>2. Chantal Paduch &#8211;&gt; 8.000 m<br>3. Jessica K\u00f6nig &#8211;&gt; 6.000 m<\/p>\n\n\n\n<h2 class=\"wp-block-heading\">FIRMENPOKAL<\/h2>\n\n\n\n<p class=\"has-normal-font-size\">1. POG &#8211;&gt; 100.200 m<br>2. ProActiv &#8211;&gt; 90.000 m<br>3. Creditreform Suhl &#8211;&gt; 71.150 m<\/p>\n\n\n\n<h2 class=\"wp-block-heading\">NACHTPOKAL<\/h2>\n\n\n\n<p class=\"has-normal-font-size\">1. Tobias Niestroy &#8211;&gt; 8.300 m<br>2. Anna-Lena Klee &#8211;&gt; 7.750 m<br>3. Anna Semineth &#8211;&gt; 5.800 m<\/p>\n\n\n\n<h2 class=\"wp-block-heading\">BESTER VEREIN<\/h2>\n\n\n\n<p class=\"has-normal-font-size\">1. SV Wasserfreunde Meiningen 284.750 m<br>2. SG Gotha-Arnstadt 281.450 m<br>3. Wasserwacht Suhl 279.750 m<\/p>\n\n\n\n<h2 class=\"wp-block-heading\">BESTE FAMILIE<\/h2>\n\n\n\n<p class=\"has-normal-font-size\">1. Peter Hoffmann 90.000 m<br>2. Siegfried Bischoff 53.800 m<br>3. Dana Th\u00fcrmer 8.550 m<\/p>\n\n\n\n<h2 class=\"wp-block-heading\">J\u00dcNSTE\/r TEILNEHMER\/in<\/h2>\n\n\n\n<p class=\"has-normal-font-size\">1. Lucy Inya Steiniger (4 Jahre)<\/p>\n\n\n\n<h2 class=\"wp-block-heading\">\u00c4LTESTE\/r TEILNEHMER\/in<\/h2>\n\n\n\n<p class=\"has-normal-font-size\">1. Hans-J\u00f6rg Tretropp (86 Jahre)<\/p>\n<\/div><\/div>\n\n\n\n<div class=\"wp-block-kadence-tab kt-tab-inner-content kt-inner-tab-16 kt-inner-tab70e489-69\"><div class=\"kt-tab-inner-content-inner\">\n<figure class=\"wp-block-image size-large\"><img loading=\"lazy\" decoding=\"async\" width=\"1024\" height=\"681\" src=\"http:\/\/2020.24-stunden-schwimmen.de\/wp-content\/uploads\/2021\/05\/24h_2011-1024x681.jpg\" alt=\"\" class=\"wp-image-149\" srcset=\"https:\/\/24-stunden-schwimmen.de\/wp-content\/uploads\/2021\/05\/24h_2011-1024x681.jpg 1024w, https:\/\/24-stunden-schwimmen.de\/wp-content\/uploads\/2021\/05\/24h_2011-300x200.jpg 300w, https:\/\/24-stunden-schwimmen.de\/wp-content\/uploads\/2021\/05\/24h_2011-768x511.jpg 768w, https:\/\/24-stunden-schwimmen.de\/wp-content\/uploads\/2021\/05\/24h_2011.jpg 1203w\" sizes=\"auto, (max-width: 1024px) 100vw, 1024px\" \/><\/figure>\n\n\n\n<h1 class=\"wp-block-heading\">09.-10. Juni 2011<\/h1>\n\n\n\n<h2 class=\"wp-block-heading has-normal-font-size\">14. MEININGER 24-STUNDEN-SCHWIMMEN<\/h2>\n\n\n\n<h2 class=\"wp-block-heading\">GESAMTWEITE<\/h2>\n\n\n\n<p class=\"has-normal-font-size\"><strong>3.295 km<\/strong><\/p>\n\n\n\n<h2 class=\"wp-block-heading\">TEILNEHMER<\/h2>\n\n\n\n<p class=\"has-normal-font-size\">661<\/p>\n\n\n\n<h2 class=\"wp-block-heading\">BESTER SCHWIMMER<\/h2>\n\n\n\n<p class=\"has-normal-font-size\">1. Chris Pascal Hoffmann &#8211;&gt; 55,55 km<br>2. Prof. Robert Richert &#8211;&gt; 52,00 km<br>3. Simon Schurig &#8211;&gt; 51,10 km<\/p>\n\n\n\n<h2 class=\"wp-block-heading\">BESTE SCHWIMMERIN<\/h2>\n\n\n\n<p class=\"has-normal-font-size\">1. Luise Freitag &#8211;&gt; 35,90 km<br>2. Christine Wehner &#8211;&gt; 34,10 km<br>3. Anne B\u00fcttner &#8211;&gt; 33,40 km<\/p>\n\n\n\n<h2 class=\"wp-block-heading\">KINDER BIS 8 JAHRE M\u00c4NNLICH<\/h2>\n\n\n\n<p class=\"has-normal-font-size\">1. Hannes Westh\u00e4user &#8211;&gt; 6.000 m<br>2. Luca Haupt &#8211;&gt; 2.400 m<br>3. Bastian M\u00f6ller &#8211;&gt; 1.000 m<\/p>\n\n\n\n<h2 class=\"wp-block-heading\">KINDER BIS 8 JAHRE WEIBLICH<\/h2>\n\n\n\n<p class=\"has-normal-font-size\">1. Martha \u00d6tzel &#8211;&gt; 1.800 m<br>2. Fine Steppa &#8211;&gt; 1.800 m<br>3. Hanna R\u00f6mhild &#8211;&gt; 1.500 m<\/p>\n\n\n\n<h2 class=\"wp-block-heading\">KINDER BIS 12 JAHRE M\u00c4NNLICH<\/h2>\n\n\n\n<p class=\"has-normal-font-size\">1. Marvin Eck &#8211;&gt; 25.250 m<br>2. Leander Ros &#8211;&gt; 19.000 m<br>3. Paul Pommer &#8211;&gt; 18.000 m<\/p>\n\n\n\n<h2 class=\"wp-block-heading\">KINDER BIS 12 JAHRE WEIBLICH<\/h2>\n\n\n\n<p class=\"has-normal-font-size\">1. Johanna Peschmann &#8211;&gt; 22.500 m<br>2. Caroline Fritz &#8211;&gt; 21.000 m<br>3. Alisa Maria Kr\u00e4mer &#8211;&gt; 18.000 m<\/p>\n\n\n\n<h2 class=\"wp-block-heading\">FIRMENPOKAL<\/h2>\n\n\n\n<p class=\"has-normal-font-size\">1. POG &#8211;&gt; 131.900 m<br>2. ProActiv &#8211;&gt; 83.600 m<br>3. Gebhardt &amp; Thelen &#8211;&gt; 24.300 m<\/p>\n\n\n\n<h2 class=\"wp-block-heading\">NACHTPOKAL<\/h2>\n\n\n\n<p class=\"has-normal-font-size\">1. Daniel Schlott &#8211;&gt; 7.900 m<\/p>\n\n\n\n<h2 class=\"wp-block-heading\">BESTER VEREIN<\/h2>\n\n\n\n<p class=\"has-normal-font-size\">1. Meininger SV\u201eWasserfreunde\u201c e.V. &#8211;&gt; 333.050m<br>2. Wasserwacht Hildburghausen &#8211;&gt; 264.900m<br>3. SV Ulsterwelle Hilders &#8211;&gt; 184.000m<\/p>\n\n\n\n<h2 class=\"wp-block-heading\">BESTE FAMILIE<\/h2>\n\n\n\n<p class=\"has-normal-font-size\">Familie Peter Hoffmann &#8211;&gt; 101.100m<br>Familie Peter Leitsch &#8211;&gt; 40.350m<br>Familie Grassy-Bro\u00dfmann &#8211;&gt; 36.250m<\/p>\n\n\n\n<h2 class=\"wp-block-heading\">J\u00dcNSTE\/r TEILNEHMER\/in<\/h2>\n\n\n\n<p class=\"has-normal-font-size\">1. Inka Kr\u00e4mer (5 Jahre)<\/p>\n\n\n\n<h2 class=\"wp-block-heading\">\u00c4LTESTE\/r TEILNEHMER\/in<\/h2>\n\n\n\n<p class=\"has-normal-font-size\">1. Hans-J\u00f6rg Tretropp (85 Jahre)<\/p>\n<\/div><\/div>\n\n\n\n<div class=\"wp-block-kadence-tab kt-tab-inner-content kt-inner-tab-17 kt-inner-tab333d74-89\"><div class=\"kt-tab-inner-content-inner\">\n<figure class=\"wp-block-image size-large\"><img loading=\"lazy\" decoding=\"async\" width=\"1024\" height=\"685\" src=\"http:\/\/2020.24-stunden-schwimmen.de\/wp-content\/uploads\/2021\/05\/24h_2010-1024x685.jpg\" alt=\"\" class=\"wp-image-152\" srcset=\"https:\/\/24-stunden-schwimmen.de\/wp-content\/uploads\/2021\/05\/24h_2010-1024x685.jpg 1024w, https:\/\/24-stunden-schwimmen.de\/wp-content\/uploads\/2021\/05\/24h_2010-300x201.jpg 300w, https:\/\/24-stunden-schwimmen.de\/wp-content\/uploads\/2021\/05\/24h_2010-768x514.jpg 768w, https:\/\/24-stunden-schwimmen.de\/wp-content\/uploads\/2021\/05\/24h_2010.jpg 1200w\" sizes=\"auto, (max-width: 1024px) 100vw, 1024px\" \/><\/figure>\n\n\n\n<h1 class=\"wp-block-heading\">12.-13. Juni 2010<\/h1>\n\n\n\n<h2 class=\"wp-block-heading has-normal-font-size\">13. MEININGER 24-STUNDEN-SCHWIMMEN<\/h2>\n\n\n\n<h2 class=\"wp-block-heading\">GESAMTWEITE<\/h2>\n\n\n\n<p class=\"has-normal-font-size\"><strong>3.273 km<\/strong><\/p>\n\n\n\n<h2 class=\"wp-block-heading\">TEILNEHMER<\/h2>\n\n\n\n<p class=\"has-normal-font-size\">635<\/p>\n\n\n\n<h2 class=\"wp-block-heading\">BESTER SCHWIMMER<\/h2>\n\n\n\n<p class=\"has-normal-font-size\">1. Jan Alsleben 46,65 km<br>2. Robert Richert 46,65 km<br>3. Chris-Pascal Hoffman 43,0 km<\/p>\n\n\n\n<h2 class=\"wp-block-heading\">BESTE SCHWIMMERIN<\/h2>\n\n\n\n<p class=\"has-normal-font-size\">1. Katja G\u00f6ssmann 33,7 km<br>2. Yvonne Jakob 31,2 km<br>3. Anne-Cathrin B\u00fcttner 28,0 km<\/p>\n\n\n\n<h2 class=\"wp-block-heading\">KINDER BIS 8 JAHRE M\u00c4NNLICH<\/h2>\n\n\n\n<p class=\"has-normal-font-size\">1. Candy Jack Hoffmann &#8211;&gt; 7.050 m<br>2. Maximilian Th\u00fcrmer &#8211;&gt; 4.100 m<br>3. Hans Martin Neidhardt &#8211;&gt; 4.050 m<\/p>\n\n\n\n<h2 class=\"wp-block-heading\">KINDER BIS 8 JAHRE WEIBLICH<\/h2>\n\n\n\n<p class=\"has-normal-font-size\">1. Anne Wahlen &#8211;&gt; 2.000 m<br>2. Tabea Tirschmann &#8211;&gt; 900 m<br>2. Alexandra Zeth &#8211;&gt; 900 m<\/p>\n\n\n\n<h2 class=\"wp-block-heading\">KINDER BIS 12 JAHRE M\u00c4NNLICH<\/h2>\n\n\n\n<p class=\"has-normal-font-size\">1. Paul Pommer &#8211;&gt; 24.600 m<br>2. Nicolas Haupt &#8211;&gt; 10.700 m<br>3. Nikolas Geigenm\u00fcller &#8211;&gt; 10.000 m<\/p>\n\n\n\n<h2 class=\"wp-block-heading\">KINDER BIS 12 JAHRE WEIBLICH<\/h2>\n\n\n\n<p class=\"has-normal-font-size\">1. Ria Tief &#8211;&gt; 22.400 m<br>2. Lisa-Marie B\u00fcttner &#8211;&gt; 20.200 m<br>3. Theresa Reichenbach &#8211;&gt; 20.050 m<\/p>\n\n\n\n<h2 class=\"wp-block-heading\">FIRMENPOKAL<\/h2>\n\n\n\n<p class=\"has-normal-font-size\">1. the-flo.com Medienagentur &#8211;&gt; 117.250 m<br>2. Creditreform Jacob-Bauerschmidt KG &#8211;&gt; 86.950 m<br>3. Pr\u00e4zisionsoptik Gera GmbH &#8211;&gt; 70.750 m<\/p>\n\n\n\n<h2 class=\"wp-block-heading\">BESTER VEREIN<\/h2>\n\n\n\n<p class=\"has-normal-font-size\">1. SV Wasserfreunde 414,75 km<br>2. SSV Erfurt Nord 229,15 km<br>3. V Gera 217,7 km<\/p>\n\n\n\n<h2 class=\"wp-block-heading\">BESTE FAMILIE<\/h2>\n\n\n\n<p class=\"has-normal-font-size\">1. Familie Robert Richert 104,65 km<br>2. Familie Hoffmann, Dieter; 103,1 km<br>3. Familie Hoffmann, Peter; 85,35 km<\/p>\n\n\n\n<h2 class=\"wp-block-heading\">J\u00dcNSTE\/r TEILNEHMER\/in<\/h2>\n\n\n\n<p class=\"has-normal-font-size\">1. Klara Greiner, 5 Jahre<\/p>\n\n\n\n<h2 class=\"wp-block-heading\">\u00c4LTESTE\/r TEILNEHMER\/in<\/h2>\n\n\n\n<p class=\"has-normal-font-size\">1. Hans-J\u00f6rg Tretropp (84 Jahre)<\/p>\n<\/div><\/div>\n\n\n\n<div class=\"wp-block-kadence-tab kt-tab-inner-content kt-inner-tab-18 kt-inner-tabf46145-1d\"><div class=\"kt-tab-inner-content-inner\">\n<figure class=\"wp-block-image size-large\"><img loading=\"lazy\" decoding=\"async\" width=\"800\" height=\"628\" src=\"http:\/\/2020.24-stunden-schwimmen.de\/wp-content\/uploads\/2021\/05\/24h_2009.jpg\" alt=\"\" class=\"wp-image-155\" srcset=\"https:\/\/24-stunden-schwimmen.de\/wp-content\/uploads\/2021\/05\/24h_2009.jpg 800w, https:\/\/24-stunden-schwimmen.de\/wp-content\/uploads\/2021\/05\/24h_2009-300x236.jpg 300w, https:\/\/24-stunden-schwimmen.de\/wp-content\/uploads\/2021\/05\/24h_2009-768x603.jpg 768w\" sizes=\"auto, (max-width: 800px) 100vw, 800px\" \/><\/figure>\n\n\n\n<h1 class=\"wp-block-heading\">13.-14. Juni 2009<\/h1>\n\n\n\n<h2 class=\"wp-block-heading has-normal-font-size\">12. MEININGER 24-STUNDEN-SCHWIMMEN<\/h2>\n\n\n\n<h2 class=\"wp-block-heading\">GESAMTWEITE<\/h2>\n\n\n\n<p class=\"has-normal-font-size\"><strong>2.438,5 km<\/strong><\/p>\n\n\n\n<h2 class=\"wp-block-heading\">TEILNEHMER<\/h2>\n\n\n\n<p class=\"has-normal-font-size\">606<\/p>\n\n\n\n<h2 class=\"wp-block-heading\">BESTER SCHWIMMER<\/h2>\n\n\n\n<p class=\"has-normal-font-size\">1. Jan Alsleben 53,0 km<br>2. Markus Schneider 37,35 km<br>3. Marcel Piotrowski 36,2 km<\/p>\n\n\n\n<h2 class=\"wp-block-heading\">BESTE SCHWIMMERIN<\/h2>\n\n\n\n<p class=\"has-normal-font-size\">1. Katja G\u00f6ssmann 27,3 km<br>2. Carolin Tatulla 25,0 km<br>3. Anna Semineth 21,0 km<\/p>\n\n\n\n<h2 class=\"wp-block-heading\">BESTER VEREIN<\/h2>\n\n\n\n<p class=\"has-normal-font-size\">1. SV Wasserfreunde 417,5 km<br>2. SSV Erfurt Nord 235,5 km<br>3. TVDJK Hammelburg 171,9 km<\/p>\n\n\n\n<h2 class=\"wp-block-heading\">BESTE FAMILIE<\/h2>\n\n\n\n<p class=\"has-normal-font-size\">1. Familie P. Hoffmann 47,05 km<br>2. Familie S. Schneider 40,35 km<br>3. Familie K. Reich 23,6 km<\/p>\n\n\n\n<h2 class=\"wp-block-heading\">J\u00dcNSTE\/e TEILNEHMER\/in<\/h2>\n\n\n\n<p class=\"has-normal-font-size\">1. Maya Straubmeier (5), 3,0 km<\/p>\n\n\n\n<h2 class=\"wp-block-heading\">\u00c4LTESTE\/r TEILNEHMER\/in<\/h2>\n\n\n\n<p class=\"has-normal-font-size\">1. Hans-J\u00f6rg Tretropp (83), 2,4 km<\/p>\n<\/div><\/div>\n\n\n\n<div class=\"wp-block-kadence-tab kt-tab-inner-content kt-inner-tab-19 kt-inner-tab8f0bf2-50\"><div class=\"kt-tab-inner-content-inner\">\n<figure class=\"wp-block-image size-large\"><img loading=\"lazy\" decoding=\"async\" width=\"1024\" height=\"681\" src=\"http:\/\/2020.24-stunden-schwimmen.de\/wp-content\/uploads\/2021\/05\/24h_2008-1024x681.jpg\" alt=\"\" class=\"wp-image-158\" srcset=\"https:\/\/24-stunden-schwimmen.de\/wp-content\/uploads\/2021\/05\/24h_2008-1024x681.jpg 1024w, https:\/\/24-stunden-schwimmen.de\/wp-content\/uploads\/2021\/05\/24h_2008-300x200.jpg 300w, https:\/\/24-stunden-schwimmen.de\/wp-content\/uploads\/2021\/05\/24h_2008-768x511.jpg 768w, https:\/\/24-stunden-schwimmen.de\/wp-content\/uploads\/2021\/05\/24h_2008.jpg 1203w\" sizes=\"auto, (max-width: 1024px) 100vw, 1024px\" \/><\/figure>\n\n\n\n<h1 class=\"wp-block-heading\">31.05. &#8211; 01.06.2008<\/h1>\n\n\n\n<h2 class=\"wp-block-heading has-normal-font-size\">11. MEININGER 24-STUNDEN-SCHWIMMEN<\/h2>\n\n\n\n<h2 class=\"wp-block-heading\">GESAMTWEITE<\/h2>\n\n\n\n<p class=\"has-normal-font-size\">2.153,2 km<\/p>\n\n\n\n<h2 class=\"wp-block-heading\">TEILNEHMER<\/h2>\n\n\n\n<p class=\"has-normal-font-size\">493<\/p>\n\n\n\n<h2 class=\"wp-block-heading\">BESTER SCHWIMMER<\/h2>\n\n\n\n<p class=\"has-normal-font-size\">Jan Alsleben 50,1 km<br>Johannes G\u00f6bel 45,1 km<br>Robert Richert 42,2 km<\/p>\n\n\n\n<h2 class=\"wp-block-heading\">BESTE SCHWIMMERIN<\/h2>\n\n\n\n<p class=\"has-normal-font-size\">Anna-Lena Schlott 43,0 km<br>Anne Burkhardt 27,0 km<br>Annelie Schattschneider 21,6 km<\/p>\n\n\n\n<h2 class=\"wp-block-heading\">BESTER VEREIN<\/h2>\n\n\n\n<p class=\"has-normal-font-size\">SV &#8222;Wasserfreunde&#8220; 326,2 km<br>SV Gera 197,7 km<br>SSV Erfurt Nord 193,2 km<\/p>\n\n\n\n<h2 class=\"wp-block-heading\">BESTE FAMILIE<\/h2>\n\n\n\n<p class=\"has-normal-font-size\">Familie Hoffmann (SV Gera) 66,0 km<br>Familie G\u00f6bel 60,6 km<br>Familie Wolter 36,7 km<\/p>\n\n\n\n<h2 class=\"wp-block-heading\">J\u00dcNSTE\/r TEILNEHMER\/in<\/h2>\n\n\n\n<p class=\"has-normal-font-size\">Antonia M\u00fcller (4) 0,2 km<\/p>\n\n\n\n<h2 class=\"wp-block-heading\">\u00c4LTESTE\/r TEILNEHMER\/in<\/h2>\n\n\n\n<p class=\"has-normal-font-size\">Manfred D\u00e4umler (67) 2,5 km<\/p>\n<\/div><\/div>\n\n\n\n<div class=\"wp-block-kadence-tab kt-tab-inner-content kt-inner-tab-20 kt-inner-tabcde715-10\"><div class=\"kt-tab-inner-content-inner\">\n<h1 class=\"wp-block-heading\">02. &amp; 03.06.2007<\/h1>\n\n\n\n<h2 class=\"wp-block-heading has-normal-font-size\">10. MEININGER 24-STUNDEN-SCHWIMMEN<\/h2>\n\n\n\n<p><em>Bei der &#8222;Wiederbelebung&#8220; und Jubil\u00e4umsveranstaltung des Meininger 24-Stunden-Schwimmens im Jahr 2007 vesuchten sich die Meininger am Weltrekord der &#8222;L\u00e4ngsten Schwimmstaffel&#8220;, den sie nur knapp verfehlten. Dieser Rekordversucht brachte der Traditionsveranstaltung aber die gew\u00fcnschte \u00d6ffentlichkeitswirkung, sodass der Meininger Schwimmklassiker seitdem wieder weit \u00fcber die Stadt-, Kreis- und Landesgrenze strahlt.<\/em><\/p>\n\n\n\n<h2 class=\"wp-block-heading\">GESAMTWEITE<\/h2>\n\n\n\n<p class=\"has-normal-font-size\"><strong>1.393,4 km<\/strong> + mehr als 500km vom Weltrekordversuch<\/p>\n\n\n\n<h2 class=\"wp-block-heading\">TEILNEHMER<\/h2>\n\n\n\n<p class=\"has-normal-font-size\"><strong>297<\/strong> + mehr als 2.000 Teilnehmer vom Weltrekordversuch<\/p>\n\n\n\n<h2 class=\"wp-block-heading\">BESTER SCHWIMMER<\/h2>\n\n\n\n<p class=\"has-normal-font-size\">Gerald Brettenhofer 45,2 km<br>Erhard Klaus 33,0 km<br>Karsten Stecher 31,0 km<\/p>\n\n\n\n<h2 class=\"wp-block-heading\">BESTE SCHWIMMERIN<\/h2>\n\n\n\n<p class=\"has-normal-font-size\">Sandra Poosch 25,0 km<br>Anna-Lena Schlott 25,0 km<br>Ilka Sander 16,0 km<\/p>\n\n\n\n<h2 class=\"wp-block-heading\">BESTER VEREIN<\/h2>\n\n\n\n<p class=\"has-normal-font-size\">SSV Erfurt Nord 156,6 km<br>SV &#8222;Wasserfreunde&#8220; 198,2 km<br>SV Gera 132,3 km<\/p>\n\n\n\n<h2 class=\"wp-block-heading\">BESTE FAMILIE<\/h2>\n\n\n\n<p class=\"has-normal-font-size\">Familie Hoffmann (SV Gera) 50,0 km<br>Familie Weidelich (DLRG R\u00fchlsheim) 44,7 km<br>Familie Fiedler (Wasserfreunde) 42,8 km<\/p>\n\n\n\n<h2 class=\"wp-block-heading\">J\u00dcNSTE\/r TEILNEHMER\/in<\/h2>\n\n\n\n<p class=\"has-normal-font-size\">Luisa K\u00f6nig (5) 0,2 km<\/p>\n\n\n\n<h2 class=\"wp-block-heading\">\u00c4LTESTE\/r TEILNEHMER\/in<\/h2>\n\n\n\n<p class=\"has-normal-font-size\">Alfred Stolle (72) 0,2 km<\/p>\n<\/div><\/div>\n\n\n\n<div class=\"wp-block-kadence-tab kt-tab-inner-content kt-inner-tab-21 kt-inner-tab09c363-52\"><div class=\"kt-tab-inner-content-inner\">\n<h1 class=\"wp-block-heading\">17. &amp; 18.08.2002<\/h1>\n\n\n\n<h2 class=\"wp-block-heading has-normal-font-size\">9. MEININGER 24-STUNDEN-SCHWIMMEN<\/h2>\n\n\n\n<h2 class=\"wp-block-heading\">GESAMTWEITE<\/h2>\n\n\n\n<p class=\"has-normal-font-size\"><strong>1.183,05 km<\/strong><\/p>\n\n\n\n<h2 class=\"wp-block-heading\">TEILNEHMER<\/h2>\n\n\n\n<p class=\"has-normal-font-size\">359<\/p>\n\n\n\n<h2 class=\"wp-block-heading\">BESTER SCHWIMMER<\/h2>\n\n\n\n<p class=\"has-normal-font-size\">Prof. Dr. Robert Richter 50,0 km<br>J\u00fcrgen Lindenlaub 22,3 km<br>Christian Fiedler 22,2 km<\/p>\n\n\n\n<h2 class=\"wp-block-heading\">BESTE SCHWIMMERIN<\/h2>\n\n\n\n<p class=\"has-normal-font-size\">Jacqueline Thiele 20,3 km<br>Katrin D\u00f6ll 11,0 km<br>Anja Lohfing 10,1 km<\/p>\n\n\n\n<h2 class=\"wp-block-heading\">BESTER VEREIN<\/h2>\n\n\n\n<p class=\"has-normal-font-size\">SV &#8222;Wasserfreunde&#8220; 363,2 km<br>FH Schmalkalden 51,9 km<br>DRK-Wasserwacht 35,9 km<\/p>\n\n\n\n<h2 class=\"wp-block-heading\">BESTE FAMILIE<\/h2>\n\n\n\n<p class=\"has-normal-font-size\">Familie Fiedler 56,2 km<br>Familie Latour 16,5 km<br>Familie Liebig 15,2 km<\/p>\n\n\n\n<h2 class=\"wp-block-heading\">J\u00dcNSTE\/r TEILNEHMER\/in<\/h2>\n\n\n\n<p class=\"has-normal-font-size\">Catherine Stranieri (5) 0,5 km<\/p>\n\n\n\n<h2 class=\"wp-block-heading\">\u00c4LTESTE\/r TEILNEHMER\/in<\/h2>\n\n\n\n<p class=\"has-normal-font-size\">Dora Freudenberg (83) 0,1 km<\/p>\n<\/div><\/div>\n\n\n\n<div class=\"wp-block-kadence-tab kt-tab-inner-content kt-inner-tab-22 kt-inner-tab54ea26-4e\"><div class=\"kt-tab-inner-content-inner\">\n<h1 class=\"wp-block-heading\">24. &amp; 25.06.2000<\/h1>\n\n\n\n<h2 class=\"wp-block-heading has-normal-font-size\">8. MEININGER 24-STUNDEN-SCHWIMMEN<\/h2>\n\n\n\n<h2 class=\"wp-block-heading\">GESAMTWEITE<\/h2>\n\n\n\n<p class=\"has-normal-font-size\"><strong>1.561,64 km<\/strong><\/p>\n\n\n\n<h2 class=\"wp-block-heading\">TEILNEHMER<\/h2>\n\n\n\n<p class=\"has-normal-font-size\">398<\/p>\n\n\n\n<h2 class=\"wp-block-heading\">BESTER SCHWIMMER<\/h2>\n\n\n\n<p class=\"has-normal-font-size\">Martin G\u00f6bel 40,0 km<br>Wolf-R\u00fcdiger Frank 26,6 km<br>Frank Kralle 25,2 km<\/p>\n\n\n\n<h2 class=\"wp-block-heading\">BESTE SCHWIMMERIN<\/h2>\n\n\n\n<p class=\"has-normal-font-size\">Heike Tandler 30,0 km<br>Carolin Kleffel 18,0 km<br>Heike Landrock 16,0 km<\/p>\n\n\n\n<h2 class=\"wp-block-heading\">BESTER VEREIN<\/h2>\n\n\n\n<p class=\"has-normal-font-size\">SV &#8222;Wasserfreunde&#8220; 281,5 km<br>TSV Neu Ulm 136,2 km<br>TSV P\u00f6ssneck 104,90 km<\/p>\n\n\n\n<h2 class=\"wp-block-heading\">BESTE FAMILIE<\/h2>\n\n\n\n<p class=\"has-normal-font-size\">Familie Frank 62,6 km<br>Familie Fiedler 34,0 km<br>Familie Schott 27,0 km<\/p>\n\n\n\n<h2 class=\"wp-block-heading\">J\u00dcNSTE\/r TEILNEHMER\/in<\/h2>\n\n\n\n<p class=\"has-normal-font-size\">Florentine Korbin (3) 0,1 km<\/p>\n\n\n\n<h2 class=\"wp-block-heading\">\u00c4LTESTE\/r TEILNEHMER\/in<\/h2>\n\n\n\n<p class=\"has-normal-font-size\">Dora Freudenberg (82) 0,5 km<\/p>\n<\/div><\/div>\n\n\n\n<div class=\"wp-block-kadence-tab kt-tab-inner-content kt-inner-tab-23 kt-inner-tab542d7e-62\"><div class=\"kt-tab-inner-content-inner\">\n<h1 class=\"wp-block-heading\">19. &amp; 20.06.1999<\/h1>\n\n\n\n<h2 class=\"wp-block-heading has-normal-font-size\">7. MEININGER 24-STUNDEN-SCHWIMMEN<\/h2>\n\n\n\n<h2 class=\"wp-block-heading\">GESAMTWEITE<\/h2>\n\n\n\n<p class=\"has-normal-font-size\"><strong>1.670,3 km<\/strong><\/p>\n\n\n\n<h2 class=\"wp-block-heading\">TEILNEHMER<\/h2>\n\n\n\n<p class=\"has-normal-font-size\">ca. 300<\/p>\n\n\n\n<h2 class=\"wp-block-heading\">BESTER SCHWIMMER<\/h2>\n\n\n\n<p class=\"has-normal-font-size\">Holger Hase 37,9 km<br>Silvio Vollstedt 36,0 km<br>Wilhelm Beond 35,1 km<\/p>\n\n\n\n<h2 class=\"wp-block-heading\">BESTE SCHWIMMERIN<\/h2>\n\n\n\n<p class=\"has-normal-font-size\">Miriam Domsky 23,1 km<br>Julia Siering 23,1 km<br>Alana Scheper 23,1 km<br>Elena Heinemann 23,1 km<\/p>\n\n\n\n<h2 class=\"wp-block-heading\">BESTER VEREIN<\/h2>\n\n\n\n<p class=\"has-normal-font-size\">SV &#8222;Wasserfreunde&#8220; 335,1 km<br>SSV Erfurt-Nord 219,1 km<br>Dream-Team-Rauscher 89,7 km<\/p>\n\n\n\n<h2 class=\"wp-block-heading\">BESTE FAMILIE<\/h2>\n\n\n\n<p class=\"has-normal-font-size\">Familie Fiedler 61,9 km<br>Familie Hase 55,5 km<br>Familie G\u00f6bel 46,6 km<\/p>\n\n\n\n<h2 class=\"wp-block-heading\">J\u00dcNSTE\/r TEILNEHMER\/in<\/h2>\n\n\n\n<p class=\"has-normal-font-size\">Laura K\u00f6nig (4) 0,4 km<\/p>\n\n\n\n<h2 class=\"wp-block-heading\">\u00c4LTESTE\/r TEILNEHMER\/in<\/h2>\n\n\n\n<p class=\"has-normal-font-size\">Dora Freudenberg (81) 0,5 km<\/p>\n<\/div><\/div>\n\n\n\n<div class=\"wp-block-kadence-tab kt-tab-inner-content kt-inner-tab-24 kt-inner-tabdad3f7-30\"><div class=\"kt-tab-inner-content-inner\">\n<h1 class=\"wp-block-heading\">27. &amp; 28.06.1998<\/h1>\n\n\n\n<h2 class=\"wp-block-heading has-normal-font-size\">6. MEININGER 24-STUNDEN-SCHWIMMEN<\/h2>\n\n\n\n<h2 class=\"wp-block-heading\">GESAMTWEITE<\/h2>\n\n\n\n<p class=\"has-normal-font-size\"><strong>2.044,7 km<\/strong><\/p>\n\n\n\n<h2 class=\"wp-block-heading\">TEILNEHMER<\/h2>\n\n\n\n<p class=\"has-normal-font-size\">496<\/p>\n\n\n\n<h2 class=\"wp-block-heading\">BESTER SCHWIMMER<\/h2>\n\n\n\n<p class=\"has-normal-font-size\">Silvio Vollstedt 31,8 km<br>Christian J\u00e4rschke 25,2 km<br>Christian Fiedler 21,0 km<br>Wolfr\u00fcdiger Frank 21,0 km<\/p>\n\n\n\n<h2 class=\"wp-block-heading\">BESTE SCHWIMMERIN<\/h2>\n\n\n\n<p class=\"has-normal-font-size\">Jacqueline Thiele 22,0 km<br>Christine List 21,0 km<br>Kerstin Holzheu 18,0 km<\/p>\n\n\n\n<h2 class=\"wp-block-heading\">BESTER VEREIN<\/h2>\n\n\n\n<p class=\"has-normal-font-size\">SV &#8222;Wasserfreunde&#8220; 285,2 km<br>SV Lok Altenburg 226,8 km<br>SV Erfurt 210,8 km<\/p>\n\n\n\n<h2 class=\"wp-block-heading\">BESTE FAMILIE<\/h2>\n\n\n\n<p class=\"has-normal-font-size\">Familie Fiedler 52,0 km<br>Familie Heinemann 30,5 km<br>Familie J\u00e4rschke 30,2 km<\/p>\n\n\n\n<h2 class=\"wp-block-heading\">J\u00dcNSTE\/r TEILNEHMER\/in<\/h2>\n\n\n\n<p class=\"has-normal-font-size\">Laura K\u00f6nig (4) 0,2 km<\/p>\n\n\n\n<h2 class=\"wp-block-heading\">\u00c4LTESTE\/r TEILNEHMER\/in<\/h2>\n\n\n\n<p class=\"has-normal-font-size\">Dora Freudenberg (80) 0,2 km<\/p>\n<\/div><\/div>\n\n\n\n<div class=\"wp-block-kadence-tab kt-tab-inner-content kt-inner-tab-25 kt-inner-tab3fbc2f-4d\"><div class=\"kt-tab-inner-content-inner\">\n<h1 class=\"wp-block-heading\">31.05. &amp; 01.06.1997<\/h1>\n\n\n\n<h2 class=\"wp-block-heading has-normal-font-size\">5. MEININGER 24-STUNDEN-SCHWIMMEN<\/h2>\n\n\n\n<h2 class=\"wp-block-heading\">BESTER SCHWIMMER<\/h2>\n\n\n\n<p class=\"has-normal-font-size\">Daniel B\u00f6ttner TSV Erfurt 28,0 km<br>Christian J\u00e4rschke Wasserwacht 15,1 km<br>Sebastian Fiedler &#8222;Wasserfreunde&#8220; 12,0 km<\/p>\n\n\n\n<h2 class=\"wp-block-heading\">BESTE SCHWIMMERIN<\/h2>\n\n\n\n<p class=\"has-normal-font-size\">Harriet M\u00e4tsch SV Altenburg 15,0 km<br>Monique M\u00fcller SV Altenburg 13,1 km<br>Julia Pohle SV Altenburg 11,0 km<\/p>\n\n\n\n<h2 class=\"wp-block-heading\">BESTER VEREIN<\/h2>\n\n\n\n<p class=\"has-normal-font-size\">SV &#8222;Wasserfreunde&#8220; 180,4 km<br>SV Altenburg 149,1 km<br>Freiwillige Feuerwehr 35,1 km<\/p>\n\n\n\n<h2 class=\"wp-block-heading\">BESTE FAMILIE<\/h2>\n\n\n\n<p class=\"has-normal-font-size\">Familie Fiedler 36,5 km<br>Familie Pechholz 14,6 km<br>Familie Kirchfeld 5,0 km<\/p>\n\n\n\n<h2 class=\"wp-block-heading\">J\u00dcNSTE\/r TEILNEHMER\/in<\/h2>\n\n\n\n<p class=\"has-normal-font-size\">Jaqueline Pfeffer (5) 0,5 km<\/p>\n\n\n\n<h2 class=\"wp-block-heading\">\u00c4LTESTE\/r TEILNEHMER\/in<\/h2>\n\n\n\n<p class=\"has-normal-font-size\">Charlotte Zinn (89) 0,1 km<\/p>\n<\/div><\/div>\n\n\n\n<div class=\"wp-block-kadence-tab kt-tab-inner-content kt-inner-tab-26 kt-inner-tab1ac25a-88\"><div class=\"kt-tab-inner-content-inner\">\n<h1 class=\"wp-block-heading\">27. &amp; 28.04.1996<\/h1>\n\n\n\n<h2 class=\"wp-block-heading has-normal-font-size\">4. MEININGER 24-STUNDEN-SCHWIMMEN<\/h2>\n\n\n\n<h2 class=\"wp-block-heading\">BESTER SCHWIMMER<\/h2>\n\n\n\n<p class=\"has-normal-font-size\">Stefan Kirchfeld 27,0 km<br>Manfred Klein 25,0 km<br>Frank Pechholz 18,0 km<\/p>\n\n\n\n<h2 class=\"wp-block-heading\">BESTE SCHWIMMERIN<\/h2>\n\n\n\n<p class=\"has-normal-font-size\">Elena Heinemann 14,1 km<br>Lenore Oemus 13,5 km<br>Adriana Baumann 13,2 km<\/p>\n\n\n\n<h2 class=\"wp-block-heading\">BESTER VEREIN<\/h2>\n\n\n\n<p class=\"has-normal-font-size\">SV &#8222;Wasserfreunde&#8220; 228,03 km<br>Freiwillige Feuerwehr 54,7 km<br>DRK-Wasserwacht 48,53 km<\/p>\n\n\n\n<h2 class=\"wp-block-heading\">BESTE FAMILIE<\/h2>\n\n\n\n<p class=\"has-normal-font-size\">Familie Oemus 44,5 km<br>Familie Kirchfeld 38,5 km<br>Familie Pechholz 33,6 km<\/p>\n\n\n\n<h2 class=\"wp-block-heading\">J\u00dcNSTE\/r TEILNEHMER\/in<\/h2>\n\n\n\n<p class=\"has-normal-font-size\">Frederike W\u00e4nke(4) 0,33 km<\/p>\n\n\n\n<h2 class=\"wp-block-heading\">\u00c4LTESTE\/r TEILNEHMER\/in<\/h2>\n\n\n\n<p class=\"has-normal-font-size\">Klaus Eube(60) 2,7 km<\/p>\n<\/div><\/div>\n\n\n\n<div class=\"wp-block-kadence-tab kt-tab-inner-content kt-inner-tab-27 kt-inner-tab2fb605-a4\"><div class=\"kt-tab-inner-content-inner\">\n<h1 class=\"wp-block-heading\">29. &amp; 30.04.1995<\/h1>\n\n\n\n<h2 class=\"wp-block-heading has-normal-font-size\">3. MEININGER 24-STUNDEN-SCHWIMMEN<\/h2>\n\n\n\n<h2 class=\"wp-block-heading\">BESTER SCHWIMMER<\/h2>\n\n\n\n<p class=\"has-normal-font-size\">Christian Fiedler 18,0 km<\/p>\n\n\n\n<h2 class=\"wp-block-heading\">BESTE SCHWIMMERIN<\/h2>\n\n\n\n<p class=\"has-normal-font-size\">Adriana Baumann 12,1 km<\/p>\n\n\n\n<h2 class=\"wp-block-heading\">BESTER VEREIN<\/h2>\n\n\n\n<p class=\"has-normal-font-size\">SV &#8222;Wasserfreunde&#8220; 205,7 km<\/p>\n\n\n\n<h2 class=\"wp-block-heading\">BESTE FAMILIE<\/h2>\n\n\n\n<p class=\"has-normal-font-size\">Familie Oemus 39,3 km<\/p>\n\n\n\n<h2 class=\"wp-block-heading\">J\u00dcNSTE\/r TEILNEHMER\/in<\/h2>\n\n\n\n<p class=\"has-normal-font-size\">Franziska Prost 4 Jahre<\/p>\n\n\n\n<h2 class=\"wp-block-heading\">\u00c4LTESTE\/r TEILNEHMER\/in<\/h2>\n\n\n\n<p class=\"has-normal-font-size\">Charlotte Zinn 87 Jahre<\/p>\n<\/div><\/div>\n\n\n\n<div class=\"wp-block-kadence-tab kt-tab-inner-content kt-inner-tab-28 kt-inner-tab364b4b-0a\"><div class=\"kt-tab-inner-content-inner\">\n<h1 class=\"wp-block-heading\">23. &amp; 24.04.1994<\/h1>\n\n\n\n<h2 class=\"wp-block-heading has-normal-font-size\">2. MEININGER 24-STUNDEN-SCHWIMMEN<\/h2>\n\n\n\n<h2 class=\"wp-block-heading\">BESTER SCHWIMMER<\/h2>\n\n\n\n<p class=\"has-normal-font-size\">Dirk Klessen 23,1 km<\/p>\n\n\n\n<h2 class=\"wp-block-heading\">BESTE SCHWIMMERIN<\/h2>\n\n\n\n<p class=\"has-normal-font-size\">Anne-Kathrin Radam 11,0 km<\/p>\n\n\n\n<h2 class=\"wp-block-heading\">BESTER VEREIN<\/h2>\n\n\n\n<p class=\"has-normal-font-size\">SV &#8222;Wasserfreunde&#8220; 169,2 km<\/p>\n\n\n\n<h2 class=\"wp-block-heading\">BESTE FAMILIE<\/h2>\n\n\n\n<p class=\"has-normal-font-size\">Familie Klessen 36,0 km<\/p>\n\n\n\n<h2 class=\"wp-block-heading\">J\u00dcNSTE\/r TEILNEHMER\/in<\/h2>\n\n\n\n<p class=\"has-normal-font-size\">Anne Gideon (3) 0,3 km<\/p>\n\n\n\n<h2 class=\"wp-block-heading\">\u00c4LTESTE\/r TEILNEHMER\/in<\/h2>\n\n\n\n<p class=\"has-normal-font-size\">G\u00fcnther Grahmann (71) 0,5 km<\/p>\n<\/div><\/div>\n\n\n\n<div class=\"wp-block-kadence-tab kt-tab-inner-content kt-inner-tab-29 kt-inner-tab9a37b1-c9\"><div class=\"kt-tab-inner-content-inner\">\n<h1 class=\"wp-block-heading\">1993<\/h1>\n\n\n\n<h2 class=\"wp-block-heading has-normal-font-size\">1. MEININGER 24-STUNDEN-SCHWIMMEN<\/h2>\n\n\n\n<h2 class=\"wp-block-heading\">BESTE SCHWIMMER<\/h2>\n\n\n\n<p class=\"has-normal-font-size\">Christian Fiedler 11,43 km<br>Sebastian Weigel 11,4 km<br>Holger Schulz 11,0 km<\/p>\n\n\n\n<h2 class=\"wp-block-heading\">BESTE VEREINE<\/h2>\n\n\n\n<p class=\"has-normal-font-size\">SV &#8222;Wasserfreunde&#8220; 151,74 km<br>Vfl Bad Neustadt 93,06 km<br>DRK-Wasserwacht 47,50 km<\/p>\n\n\n\n<h2 class=\"wp-block-heading\">BESTE FAMILIEN<\/h2>\n\n\n\n<p>Familie Oemus 14,7 km<br>Familie Radam 13,4 km<br>Familie Kirchfeld 4,9 km<\/p>\n<\/div><\/div>\n<\/div><\/div><\/div>\n\n\n\n<div class=\"wp-block-columns is-layout-flex wp-container-core-columns-is-layout-9d6595d7 wp-block-columns-is-layout-flex\">\n<div class=\"wp-block-column is-layout-flow wp-block-column-is-layout-flow\"><\/div>\n<\/div>\n\n\n\n<p><\/p>\n","protected":false},"excerpt":{"rendered":"","protected":false},"author":1,"featured_media":0,"parent":0,"menu_order":3,"comment_status":"closed","ping_status":"closed","template":"","meta":{"_eb_attr":"Arial,Helvetica,Anton,Abril Fatface,Georgia,Asap,Arial,Arvo","kt_blocks_editor_width":"","footnotes":""},"class_list":["post-37","page","type-page","status-publish","hentry"],"yoast_head":"<!-- This site is optimized with the Yoast SEO plugin v27.5 - https:\/\/yoast.com\/product\/yoast-seo-wordpress\/ -->\n<title>Ergebnisse - Das Meininger 24-Stunden-Schwimmen<\/title>\n<meta name=\"robots\" content=\"index, follow, max-snippet:-1, max-image-preview:large, max-video-preview:-1\" \/>\n<link rel=\"canonical\" href=\"https:\/\/24-stunden-schwimmen.de\/?page_id=37\" \/>\n<meta property=\"og:locale\" content=\"de_DE\" \/>\n<meta property=\"og:type\" content=\"article\" \/>\n<meta property=\"og:title\" content=\"Ergebnisse - Das Meininger 24-Stunden-Schwimmen\" \/>\n<meta property=\"og:url\" content=\"https:\/\/24-stunden-schwimmen.de\/?page_id=37\" \/>\n<meta property=\"og:site_name\" content=\"Das Meininger 24-Stunden-Schwimmen\" \/>\n<meta property=\"article:publisher\" content=\"https:\/\/www.facebook.com\/Meininger24StundenSchwimmen\" \/>\n<meta property=\"article:modified_time\" content=\"2025-07-09T09:07:42+00:00\" \/>\n<meta property=\"og:image\" content=\"https:\/\/24-stunden-schwimmen.de\/wp-content\/uploads\/2021\/05\/24h_2019.jpg\" \/>\n\t<meta property=\"og:image:width\" content=\"580\" \/>\n\t<meta property=\"og:image:height\" content=\"385\" \/>\n\t<meta property=\"og:image:type\" content=\"image\/jpeg\" \/>\n<meta name=\"twitter:card\" content=\"summary_large_image\" \/>\n<meta name=\"twitter:label1\" content=\"Gesch\u00e4tzte Lesezeit\" \/>\n\t<meta name=\"twitter:data1\" content=\"32\u00a0Minuten\" \/>\n<script type=\"application\/ld+json\" class=\"yoast-schema-graph\">{\"@context\":\"https:\\\/\\\/schema.org\",\"@graph\":[{\"@type\":\"WebPage\",\"@id\":\"https:\\\/\\\/24-stunden-schwimmen.de\\\/?page_id=37\",\"url\":\"https:\\\/\\\/24-stunden-schwimmen.de\\\/?page_id=37\",\"name\":\"Ergebnisse - Das Meininger 24-Stunden-Schwimmen\",\"isPartOf\":{\"@id\":\"https:\\\/\\\/24-stunden-schwimmen.de\\\/#website\"},\"primaryImageOfPage\":{\"@id\":\"https:\\\/\\\/24-stunden-schwimmen.de\\\/?page_id=37#primaryimage\"},\"image\":{\"@id\":\"https:\\\/\\\/24-stunden-schwimmen.de\\\/?page_id=37#primaryimage\"},\"thumbnailUrl\":\"https:\\\/\\\/24-stunden-schwimmen.de\\\/wp-content\\\/uploads\\\/2021\\\/05\\\/24h_2019.jpg\",\"datePublished\":\"2021-05-26T19:43:48+00:00\",\"dateModified\":\"2025-07-09T09:07:42+00:00\",\"breadcrumb\":{\"@id\":\"https:\\\/\\\/24-stunden-schwimmen.de\\\/?page_id=37#breadcrumb\"},\"inLanguage\":\"de\",\"potentialAction\":[{\"@type\":\"ReadAction\",\"target\":[\"https:\\\/\\\/24-stunden-schwimmen.de\\\/?page_id=37\"]}]},{\"@type\":\"ImageObject\",\"inLanguage\":\"de\",\"@id\":\"https:\\\/\\\/24-stunden-schwimmen.de\\\/?page_id=37#primaryimage\",\"url\":\"https:\\\/\\\/24-stunden-schwimmen.de\\\/wp-content\\\/uploads\\\/2021\\\/05\\\/24h_2019.jpg\",\"contentUrl\":\"https:\\\/\\\/24-stunden-schwimmen.de\\\/wp-content\\\/uploads\\\/2021\\\/05\\\/24h_2019.jpg\",\"width\":580,\"height\":385},{\"@type\":\"BreadcrumbList\",\"@id\":\"https:\\\/\\\/24-stunden-schwimmen.de\\\/?page_id=37#breadcrumb\",\"itemListElement\":[{\"@type\":\"ListItem\",\"position\":1,\"name\":\"Startseite\",\"item\":\"https:\\\/\\\/24-stunden-schwimmen.de\\\/\"},{\"@type\":\"ListItem\",\"position\":2,\"name\":\"Ergebnisse\"}]},{\"@type\":\"WebSite\",\"@id\":\"https:\\\/\\\/24-stunden-schwimmen.de\\\/#website\",\"url\":\"https:\\\/\\\/24-stunden-schwimmen.de\\\/\",\"name\":\"Das Meininger 24-Stunden-Schwimmen\",\"description\":\"Der Schwimmklassiker in Meiningen (Th\u00fcringen)\",\"publisher\":{\"@id\":\"https:\\\/\\\/24-stunden-schwimmen.de\\\/#organization\"},\"potentialAction\":[{\"@type\":\"SearchAction\",\"target\":{\"@type\":\"EntryPoint\",\"urlTemplate\":\"https:\\\/\\\/24-stunden-schwimmen.de\\\/?s={search_term_string}\"},\"query-input\":{\"@type\":\"PropertyValueSpecification\",\"valueRequired\":true,\"valueName\":\"search_term_string\"}}],\"inLanguage\":\"de\"},{\"@type\":\"Organization\",\"@id\":\"https:\\\/\\\/24-stunden-schwimmen.de\\\/#organization\",\"name\":\"Meininger Schwimmverein \\\"Wasserfreunde\\\" e.V.\",\"url\":\"https:\\\/\\\/24-stunden-schwimmen.de\\\/\",\"logo\":{\"@type\":\"ImageObject\",\"inLanguage\":\"de\",\"@id\":\"https:\\\/\\\/24-stunden-schwimmen.de\\\/#\\\/schema\\\/logo\\\/image\\\/\",\"url\":\"https:\\\/\\\/24-stunden-schwimmen.de\\\/wp-content\\\/uploads\\\/2023\\\/06\\\/24h-Logo.webp\",\"contentUrl\":\"https:\\\/\\\/24-stunden-schwimmen.de\\\/wp-content\\\/uploads\\\/2023\\\/06\\\/24h-Logo.webp\",\"width\":320,\"height\":330,\"caption\":\"Meininger Schwimmverein \\\"Wasserfreunde\\\" e.V.\"},\"image\":{\"@id\":\"https:\\\/\\\/24-stunden-schwimmen.de\\\/#\\\/schema\\\/logo\\\/image\\\/\"},\"sameAs\":[\"https:\\\/\\\/www.facebook.com\\\/Meininger24StundenSchwimmen\",\"https:\\\/\\\/www.instagram.com\\\/svwasserfreunde\\\/\",\"https:\\\/\\\/www.youtube.com\\\/channel\\\/UC6X4rRlZrgOI3k-11MJbr6A\\\/featured\"]}]}<\/script>\n<!-- \/ Yoast SEO plugin. -->","yoast_head_json":{"title":"Ergebnisse - Das Meininger 24-Stunden-Schwimmen","robots":{"index":"index","follow":"follow","max-snippet":"max-snippet:-1","max-image-preview":"max-image-preview:large","max-video-preview":"max-video-preview:-1"},"canonical":"https:\/\/24-stunden-schwimmen.de\/?page_id=37","og_locale":"de_DE","og_type":"article","og_title":"Ergebnisse - Das Meininger 24-Stunden-Schwimmen","og_url":"https:\/\/24-stunden-schwimmen.de\/?page_id=37","og_site_name":"Das Meininger 24-Stunden-Schwimmen","article_publisher":"https:\/\/www.facebook.com\/Meininger24StundenSchwimmen","article_modified_time":"2025-07-09T09:07:42+00:00","og_image":[{"width":580,"height":385,"url":"https:\/\/24-stunden-schwimmen.de\/wp-content\/uploads\/2021\/05\/24h_2019.jpg","type":"image\/jpeg"}],"twitter_card":"summary_large_image","twitter_misc":{"Gesch\u00e4tzte Lesezeit":"32\u00a0Minuten"},"schema":{"@context":"https:\/\/schema.org","@graph":[{"@type":"WebPage","@id":"https:\/\/24-stunden-schwimmen.de\/?page_id=37","url":"https:\/\/24-stunden-schwimmen.de\/?page_id=37","name":"Ergebnisse - Das Meininger 24-Stunden-Schwimmen","isPartOf":{"@id":"https:\/\/24-stunden-schwimmen.de\/#website"},"primaryImageOfPage":{"@id":"https:\/\/24-stunden-schwimmen.de\/?page_id=37#primaryimage"},"image":{"@id":"https:\/\/24-stunden-schwimmen.de\/?page_id=37#primaryimage"},"thumbnailUrl":"https:\/\/24-stunden-schwimmen.de\/wp-content\/uploads\/2021\/05\/24h_2019.jpg","datePublished":"2021-05-26T19:43:48+00:00","dateModified":"2025-07-09T09:07:42+00:00","breadcrumb":{"@id":"https:\/\/24-stunden-schwimmen.de\/?page_id=37#breadcrumb"},"inLanguage":"de","potentialAction":[{"@type":"ReadAction","target":["https:\/\/24-stunden-schwimmen.de\/?page_id=37"]}]},{"@type":"ImageObject","inLanguage":"de","@id":"https:\/\/24-stunden-schwimmen.de\/?page_id=37#primaryimage","url":"https:\/\/24-stunden-schwimmen.de\/wp-content\/uploads\/2021\/05\/24h_2019.jpg","contentUrl":"https:\/\/24-stunden-schwimmen.de\/wp-content\/uploads\/2021\/05\/24h_2019.jpg","width":580,"height":385},{"@type":"BreadcrumbList","@id":"https:\/\/24-stunden-schwimmen.de\/?page_id=37#breadcrumb","itemListElement":[{"@type":"ListItem","position":1,"name":"Startseite","item":"https:\/\/24-stunden-schwimmen.de\/"},{"@type":"ListItem","position":2,"name":"Ergebnisse"}]},{"@type":"WebSite","@id":"https:\/\/24-stunden-schwimmen.de\/#website","url":"https:\/\/24-stunden-schwimmen.de\/","name":"Das Meininger 24-Stunden-Schwimmen","description":"Der Schwimmklassiker in Meiningen (Th\u00fcringen)","publisher":{"@id":"https:\/\/24-stunden-schwimmen.de\/#organization"},"potentialAction":[{"@type":"SearchAction","target":{"@type":"EntryPoint","urlTemplate":"https:\/\/24-stunden-schwimmen.de\/?s={search_term_string}"},"query-input":{"@type":"PropertyValueSpecification","valueRequired":true,"valueName":"search_term_string"}}],"inLanguage":"de"},{"@type":"Organization","@id":"https:\/\/24-stunden-schwimmen.de\/#organization","name":"Meininger Schwimmverein \"Wasserfreunde\" e.V.","url":"https:\/\/24-stunden-schwimmen.de\/","logo":{"@type":"ImageObject","inLanguage":"de","@id":"https:\/\/24-stunden-schwimmen.de\/#\/schema\/logo\/image\/","url":"https:\/\/24-stunden-schwimmen.de\/wp-content\/uploads\/2023\/06\/24h-Logo.webp","contentUrl":"https:\/\/24-stunden-schwimmen.de\/wp-content\/uploads\/2023\/06\/24h-Logo.webp","width":320,"height":330,"caption":"Meininger Schwimmverein \"Wasserfreunde\" e.V."},"image":{"@id":"https:\/\/24-stunden-schwimmen.de\/#\/schema\/logo\/image\/"},"sameAs":["https:\/\/www.facebook.com\/Meininger24StundenSchwimmen","https:\/\/www.instagram.com\/svwasserfreunde\/","https:\/\/www.youtube.com\/channel\/UC6X4rRlZrgOI3k-11MJbr6A\/featured"]}]}},"_links":{"self":[{"href":"https:\/\/24-stunden-schwimmen.de\/index.php?rest_route=\/wp\/v2\/pages\/37","targetHints":{"allow":["GET"]}}],"collection":[{"href":"https:\/\/24-stunden-schwimmen.de\/index.php?rest_route=\/wp\/v2\/pages"}],"about":[{"href":"https:\/\/24-stunden-schwimmen.de\/index.php?rest_route=\/wp\/v2\/types\/page"}],"author":[{"embeddable":true,"href":"https:\/\/24-stunden-schwimmen.de\/index.php?rest_route=\/wp\/v2\/users\/1"}],"replies":[{"embeddable":true,"href":"https:\/\/24-stunden-schwimmen.de\/index.php?rest_route=%2Fwp%2Fv2%2Fcomments&post=37"}],"version-history":[{"count":97,"href":"https:\/\/24-stunden-schwimmen.de\/index.php?rest_route=\/wp\/v2\/pages\/37\/revisions"}],"predecessor-version":[{"id":1033,"href":"https:\/\/24-stunden-schwimmen.de\/index.php?rest_route=\/wp\/v2\/pages\/37\/revisions\/1033"}],"wp:attachment":[{"href":"https:\/\/24-stunden-schwimmen.de\/index.php?rest_route=%2Fwp%2Fv2%2Fmedia&parent=37"}],"curies":[{"name":"wp","href":"https:\/\/api.w.org\/{rel}","templated":true}]}}